{"id":2365,"date":"2019-12-05T18:46:53","date_gmt":"2019-12-05T17:46:53","guid":{"rendered":"https:\/\/raphael.vaucourte.rparejo.eu\/?page_id=2365"},"modified":"2019-12-05T19:22:44","modified_gmt":"2019-12-05T18:22:44","slug":"emissions-de-radio","status":"publish","type":"page","link":"https:\/\/raphael.vaucourte.rparejo.eu\/index.php\/a-voir-et-entendre\/audio\/emissions-de-radio\/","title":{"rendered":"Entretien avec Roge Blasco (Radio Euskadi, 4\/12\/2019)"},"content":{"rendered":"\t\t<div data-elementor-type=\"wp-page\" data-elementor-id=\"2365\" class=\"elementor elementor-2365\">\n\t\t\t\t\t\t<section class=\"elementor-section elementor-top-section elementor-element elementor-element-71546c3 elementor-section-boxed elementor-section-height-default elementor-section-height-default\" data-id=\"71546c3\" data-element_type=\"section\" data-e-type=\"section\">\n\t\t\t\t\t\t<div class=\"elementor-container elementor-column-gap-default\">\n\t\t\t\t\t<div class=\"elementor-column elementor-col-50 elementor-top-column elementor-element elementor-element-43a39d2\" data-id=\"43a39d2\" data-element_type=\"column\" data-e-type=\"column\">\n\t\t\t<div class=\"elementor-widget-wrap elementor-element-populated\">\n\t\t\t\t\t\t<div class=\"elementor-element elementor-element-5904820 elementor-widget elementor-widget-text-editor\" data-id=\"5904820\" data-element_type=\"widget\" data-e-type=\"widget\" data-widget_type=\"text-editor.default\">\n\t\t\t\t<div class=\"elementor-widget-container\">\n\t\t\t\t\t\t\t\t\t<p>Le 4 d\u00e9cembre 2019, Rapha\u00ebl Vaucourte a \u00e9t\u00e9 invit\u00e9 par l&rsquo;animateur de radio Roge Blasco (Radio Euskadi) dans son programme nocturne \u201cLa casa de la palabra\u00a0\u00bb (La maison de la parole) pour une interview sur la lancement du r\u00e9cital Chansons d&rsquo;en France et de la Francophonie. L&rsquo;entretien, d&rsquo;une vingtaine de minutes et illustr\u00e9 par trois chansons choisies par l&rsquo;artiste figure dans le programme complet de l&rsquo;\u00e9mission mis en ligne sur Radio Euskadi <a href=\"https:\/\/euskalpmdeus-vh.akamaihd.net\/multimedia\/audios\/2019\/12\/03\/2528295\/20191203_22395221_0012453265_002_001_LA_CASA_DE_L.mp3\" target=\"_blank\" rel=\"noopener\"><strong>ICI<\/strong><\/a>.<\/p><p style=\"text-align: justify;\">L&rsquo;entretien seul, isol\u00e9 du programme, peut \u00e9galement \u00eatre \u00e9cout\u00e9 sur ce site, ci-dessous.<\/p><p>\u00a0<\/p><audio class=\"wp-audio-shortcode\" id=\"audio-2365-1\" preload=\"none\" style=\"width: 100%;\" controls=\"controls\"><source type=\"audio\/mpeg\" src=\"https:\/\/raphael.vaucourte.rparejo.eu\/wp-content\/uploads\/2019\/12\/Raphael-Vaucourte_Radio-Euskadi_04-12-2019.mp3?_=1\" \/><a href=\"https:\/\/raphael.vaucourte.rparejo.eu\/wp-content\/uploads\/2019\/12\/Raphael-Vaucourte_Radio-Euskadi_04-12-2019.mp3\">https:\/\/raphael.vaucourte.rparejo.eu\/wp-content\/uploads\/2019\/12\/Raphael-Vaucourte_Radio-Euskadi_04-12-2019.mp3<\/a><\/audio>\t\t\t\t\t\t\t\t<\/div>\n\t\t\t\t<\/div>\n\t\t\t\t\t<\/div>\n\t\t<\/div>\n\t\t\t\t<div class=\"elementor-column elementor-col-50 elementor-top-column elementor-element elementor-element-2873ac1\" data-id=\"2873ac1\" data-element_type=\"column\" data-e-type=\"column\">\n\t\t\t<div class=\"elementor-widget-wrap elementor-element-populated\">\n\t\t\t\t\t\t<div class=\"elementor-element elementor-element-10b8797 elementor-widget elementor-widget-image\" data-id=\"10b8797\" data-element_type=\"widget\" data-e-type=\"widget\" data-widget_type=\"image.default\">\n\t\t\t\t<div class=\"elementor-widget-container\">\n\t\t\t\t\t\t\t\t\t\t\t\t\t\t\t<img decoding=\"async\" src=\"https:\/\/raphael.vaucourte.rparejo.eu\/wp-content\/uploads\/2019\/12\/Raph_Roge_Radio-Euskadi_2018.jpg\" title=\"\" alt=\"\" loading=\"lazy\" \/>\t\t\t\t\t\t\t\t\t\t\t\t\t\t\t<\/div>\n\t\t\t\t<\/div>\n\t\t\t\t\t<\/div>\n\t\t<\/div>\n\t\t\t\t\t<\/div>\n\t\t<\/section>\n\t\t\t\t<\/div>\n\t\t","protected":false},"excerpt":{"rendered":"<p>Le 4 d\u00e9cembre 2019, Rapha\u00ebl Vaucourte a \u00e9t\u00e9 invit\u00e9 par l&rsquo;animateur de radio Roge Blasco (Radio Euskadi) dans son programme nocturne \u201cLa casa de la palabra\u00a0\u00bb (La maison de la parole) pour une interview sur la lancement du r\u00e9cital Chansons d&rsquo;en France et de la Francophonie. L&rsquo;entretien, d&rsquo;une vingtaine de minutes et illustr\u00e9 par trois chansons choisies par l&rsquo;artiste figure &hellip;<\/p>\n","protected":false},"author":1,"featured_media":2331,"parent":122,"menu_order":1,"comment_status":"closed","ping_status":"closed","template":"elementor_header_footer","meta":{"footnotes":""},"class_list":["post-2365","page","type-page","status-publish","has-post-thumbnail","hentry"],"yoast_head":"<!-- This site is optimized with the Yoast SEO plugin v27.5 - https:\/\/yoast.com\/product\/yoast-seo-wordpress\/ -->\n<title>Entretien avec Roge Blasco (Radio Euskadi, 4\/12\/2019) - Rapha\u00ebl Vaucourte (site officiel)<\/title>\n<meta name=\"robots\" content=\"index, follow, max-snippet:-1, max-image-preview:large, max-video-preview:-1\" \/>\n<link rel=\"canonical\" href=\"https:\/\/raphael.vaucourte.rparejo.eu\/index.php\/a-voir-et-entendre\/audio\/emissions-de-radio\/\" \/>\n<meta property=\"og:locale\" content=\"fr_FR\" \/>\n<meta property=\"og:type\" content=\"article\" \/>\n<meta property=\"og:title\" content=\"Entretien avec Roge Blasco (Radio Euskadi, 4\/12\/2019) - Rapha\u00ebl Vaucourte (site officiel)\" \/>\n<meta property=\"og:description\" content=\"Le 4 d\u00e9cembre 2019, Rapha\u00ebl Vaucourte a \u00e9t\u00e9 invit\u00e9 par l&rsquo;animateur de radio Roge Blasco (Radio Euskadi) dans son programme nocturne \u201cLa casa de la palabra\u00a0\u00bb (La maison de la parole) pour une interview sur la lancement du r\u00e9cital Chansons d&rsquo;en France et de la Francophonie. L&rsquo;entretien, d&rsquo;une vingtaine de minutes et illustr\u00e9 par trois chansons choisies par l&rsquo;artiste figure &hellip;\" \/>\n<meta property=\"og:url\" content=\"https:\/\/raphael.vaucourte.rparejo.eu\/index.php\/a-voir-et-entendre\/audio\/emissions-de-radio\/\" \/>\n<meta property=\"og:site_name\" content=\"Rapha\u00ebl Vaucourte (site officiel)\" \/>\n<meta property=\"article:modified_time\" content=\"2019-12-05T18:22:44+00:00\" \/>\n<meta property=\"og:image\" content=\"https:\/\/raphael.vaucourte.rparejo.eu\/wp-content\/uploads\/2019\/12\/Raphael-Vacourte_image-en-avant_EITB-fac\u0327ade_1920x650pxl.jpg\" \/>\n\t<meta property=\"og:image:width\" content=\"1920\" \/>\n\t<meta property=\"og:image:height\" content=\"650\" \/>\n\t<meta property=\"og:image:type\" content=\"image\/jpeg\" \/>\n<meta name=\"twitter:card\" content=\"summary_large_image\" \/>\n<meta name=\"twitter:label1\" content=\"Dur\u00e9e de lecture estim\u00e9e\" \/>\n\t<meta name=\"twitter:data1\" content=\"1 minute\" \/>\n<script type=\"application\/ld+json\" class=\"yoast-schema-graph\">{\"@context\":\"https:\\\/\\\/schema.org\",\"@graph\":[{\"@type\":\"WebPage\",\"@id\":\"https:\\\/\\\/raphael.vaucourte.rparejo.eu\\\/index.php\\\/a-voir-et-entendre\\\/audio\\\/emissions-de-radio\\\/\",\"url\":\"https:\\\/\\\/raphael.vaucourte.rparejo.eu\\\/index.php\\\/a-voir-et-entendre\\\/audio\\\/emissions-de-radio\\\/\",\"name\":\"Entretien avec Roge Blasco (Radio Euskadi, 4\\\/12\\\/2019) - Rapha\u00ebl Vaucourte (site officiel)\",\"isPartOf\":{\"@id\":\"https:\\\/\\\/raphael.vaucourte.rparejo.eu\\\/#website\"},\"primaryImageOfPage\":{\"@id\":\"https:\\\/\\\/raphael.vaucourte.rparejo.eu\\\/index.php\\\/a-voir-et-entendre\\\/audio\\\/emissions-de-radio\\\/#primaryimage\"},\"image\":{\"@id\":\"https:\\\/\\\/raphael.vaucourte.rparejo.eu\\\/index.php\\\/a-voir-et-entendre\\\/audio\\\/emissions-de-radio\\\/#primaryimage\"},\"thumbnailUrl\":\"https:\\\/\\\/raphael.vaucourte.rparejo.eu\\\/wp-content\\\/uploads\\\/2019\\\/12\\\/Raphael-Vacourte_image-en-avant_EITB-fac\u0327ade_1920x650pxl.jpg\",\"datePublished\":\"2019-12-05T17:46:53+00:00\",\"dateModified\":\"2019-12-05T18:22:44+00:00\",\"breadcrumb\":{\"@id\":\"https:\\\/\\\/raphael.vaucourte.rparejo.eu\\\/index.php\\\/a-voir-et-entendre\\\/audio\\\/emissions-de-radio\\\/#breadcrumb\"},\"inLanguage\":\"fr-FR\",\"potentialAction\":[{\"@type\":\"ReadAction\",\"target\":[\"https:\\\/\\\/raphael.vaucourte.rparejo.eu\\\/index.php\\\/a-voir-et-entendre\\\/audio\\\/emissions-de-radio\\\/\"]}]},{\"@type\":\"ImageObject\",\"inLanguage\":\"fr-FR\",\"@id\":\"https:\\\/\\\/raphael.vaucourte.rparejo.eu\\\/index.php\\\/a-voir-et-entendre\\\/audio\\\/emissions-de-radio\\\/#primaryimage\",\"url\":\"https:\\\/\\\/raphael.vaucourte.rparejo.eu\\\/wp-content\\\/uploads\\\/2019\\\/12\\\/Raphael-Vacourte_image-en-avant_EITB-fac\u0327ade_1920x650pxl.jpg\",\"contentUrl\":\"https:\\\/\\\/raphael.vaucourte.rparejo.eu\\\/wp-content\\\/uploads\\\/2019\\\/12\\\/Raphael-Vacourte_image-en-avant_EITB-fac\u0327ade_1920x650pxl.jpg\",\"width\":1920,\"height\":650},{\"@type\":\"BreadcrumbList\",\"@id\":\"https:\\\/\\\/raphael.vaucourte.rparejo.eu\\\/index.php\\\/a-voir-et-entendre\\\/audio\\\/emissions-de-radio\\\/#breadcrumb\",\"itemListElement\":[{\"@type\":\"ListItem\",\"position\":1,\"name\":\"Accueil\",\"item\":\"https:\\\/\\\/raphael.vaucourte.rparejo.eu\\\/\"},{\"@type\":\"ListItem\",\"position\":2,\"name\":\"\u00c0 voir et entendre\",\"item\":\"https:\\\/\\\/raphael.vaucourte.rparejo.eu\\\/index.php\\\/a-voir-et-entendre\\\/\"},{\"@type\":\"ListItem\",\"position\":3,\"name\":\"Audio\",\"item\":\"https:\\\/\\\/raphael.vaucourte.rparejo.eu\\\/index.php\\\/a-voir-et-entendre\\\/audio\\\/\"},{\"@type\":\"ListItem\",\"position\":4,\"name\":\"Entretien avec Roge Blasco (Radio Euskadi, 4\\\/12\\\/2019)\"}]},{\"@type\":\"WebSite\",\"@id\":\"https:\\\/\\\/raphael.vaucourte.rparejo.eu\\\/#website\",\"url\":\"https:\\\/\\\/raphael.vaucourte.rparejo.eu\\\/\",\"name\":\"Rapha\u00ebl Vaucourte (site officiel)\",\"description\":\"Chanson fran\u00e7aise\",\"potentialAction\":[{\"@type\":\"SearchAction\",\"target\":{\"@type\":\"EntryPoint\",\"urlTemplate\":\"https:\\\/\\\/raphael.vaucourte.rparejo.eu\\\/?s={search_term_string}\"},\"query-input\":{\"@type\":\"PropertyValueSpecification\",\"valueRequired\":true,\"valueName\":\"search_term_string\"}}],\"inLanguage\":\"fr-FR\"}]}<\/script>\n<!-- \/ Yoast SEO plugin. -->","yoast_head_json":{"title":"Entretien avec Roge Blasco (Radio Euskadi, 4\/12\/2019) - Rapha\u00ebl Vaucourte (site officiel)","robots":{"index":"index","follow":"follow","max-snippet":"max-snippet:-1","max-image-preview":"max-image-preview:large","max-video-preview":"max-video-preview:-1"},"canonical":"https:\/\/raphael.vaucourte.rparejo.eu\/index.php\/a-voir-et-entendre\/audio\/emissions-de-radio\/","og_locale":"fr_FR","og_type":"article","og_title":"Entretien avec Roge Blasco (Radio Euskadi, 4\/12\/2019) - Rapha\u00ebl Vaucourte (site officiel)","og_description":"Le 4 d\u00e9cembre 2019, Rapha\u00ebl Vaucourte a \u00e9t\u00e9 invit\u00e9 par l&rsquo;animateur de radio Roge Blasco (Radio Euskadi) dans son programme nocturne \u201cLa casa de la palabra\u00a0\u00bb (La maison de la parole) pour une interview sur la lancement du r\u00e9cital Chansons d&rsquo;en France et de la Francophonie. L&rsquo;entretien, d&rsquo;une vingtaine de minutes et illustr\u00e9 par trois chansons choisies par l&rsquo;artiste figure &hellip;","og_url":"https:\/\/raphael.vaucourte.rparejo.eu\/index.php\/a-voir-et-entendre\/audio\/emissions-de-radio\/","og_site_name":"Rapha\u00ebl Vaucourte (site officiel)","article_modified_time":"2019-12-05T18:22:44+00:00","og_image":[{"width":1920,"height":650,"url":"https:\/\/raphael.vaucourte.rparejo.eu\/wp-content\/uploads\/2019\/12\/Raphael-Vacourte_image-en-avant_EITB-fac\u0327ade_1920x650pxl.jpg","type":"image\/jpeg"}],"twitter_card":"summary_large_image","twitter_misc":{"Dur\u00e9e de lecture estim\u00e9e":"1 minute"},"schema":{"@context":"https:\/\/schema.org","@graph":[{"@type":"WebPage","@id":"https:\/\/raphael.vaucourte.rparejo.eu\/index.php\/a-voir-et-entendre\/audio\/emissions-de-radio\/","url":"https:\/\/raphael.vaucourte.rparejo.eu\/index.php\/a-voir-et-entendre\/audio\/emissions-de-radio\/","name":"Entretien avec Roge Blasco (Radio Euskadi, 4\/12\/2019) - Rapha\u00ebl Vaucourte (site officiel)","isPartOf":{"@id":"https:\/\/raphael.vaucourte.rparejo.eu\/#website"},"primaryImageOfPage":{"@id":"https:\/\/raphael.vaucourte.rparejo.eu\/index.php\/a-voir-et-entendre\/audio\/emissions-de-radio\/#primaryimage"},"image":{"@id":"https:\/\/raphael.vaucourte.rparejo.eu\/index.php\/a-voir-et-entendre\/audio\/emissions-de-radio\/#primaryimage"},"thumbnailUrl":"https:\/\/raphael.vaucourte.rparejo.eu\/wp-content\/uploads\/2019\/12\/Raphael-Vacourte_image-en-avant_EITB-fac\u0327ade_1920x650pxl.jpg","datePublished":"2019-12-05T17:46:53+00:00","dateModified":"2019-12-05T18:22:44+00:00","breadcrumb":{"@id":"https:\/\/raphael.vaucourte.rparejo.eu\/index.php\/a-voir-et-entendre\/audio\/emissions-de-radio\/#breadcrumb"},"inLanguage":"fr-FR","potentialAction":[{"@type":"ReadAction","target":["https:\/\/raphael.vaucourte.rparejo.eu\/index.php\/a-voir-et-entendre\/audio\/emissions-de-radio\/"]}]},{"@type":"ImageObject","inLanguage":"fr-FR","@id":"https:\/\/raphael.vaucourte.rparejo.eu\/index.php\/a-voir-et-entendre\/audio\/emissions-de-radio\/#primaryimage","url":"https:\/\/raphael.vaucourte.rparejo.eu\/wp-content\/uploads\/2019\/12\/Raphael-Vacourte_image-en-avant_EITB-fac\u0327ade_1920x650pxl.jpg","contentUrl":"https:\/\/raphael.vaucourte.rparejo.eu\/wp-content\/uploads\/2019\/12\/Raphael-Vacourte_image-en-avant_EITB-fac\u0327ade_1920x650pxl.jpg","width":1920,"height":650},{"@type":"BreadcrumbList","@id":"https:\/\/raphael.vaucourte.rparejo.eu\/index.php\/a-voir-et-entendre\/audio\/emissions-de-radio\/#breadcrumb","itemListElement":[{"@type":"ListItem","position":1,"name":"Accueil","item":"https:\/\/raphael.vaucourte.rparejo.eu\/"},{"@type":"ListItem","position":2,"name":"\u00c0 voir et entendre","item":"https:\/\/raphael.vaucourte.rparejo.eu\/index.php\/a-voir-et-entendre\/"},{"@type":"ListItem","position":3,"name":"Audio","item":"https:\/\/raphael.vaucourte.rparejo.eu\/index.php\/a-voir-et-entendre\/audio\/"},{"@type":"ListItem","position":4,"name":"Entretien avec Roge Blasco (Radio Euskadi, 4\/12\/2019)"}]},{"@type":"WebSite","@id":"https:\/\/raphael.vaucourte.rparejo.eu\/#website","url":"https:\/\/raphael.vaucourte.rparejo.eu\/","name":"Rapha\u00ebl Vaucourte (site officiel)","description":"Chanson fran\u00e7aise","potentialAction":[{"@type":"SearchAction","target":{"@type":"EntryPoint","urlTemplate":"https:\/\/raphael.vaucourte.rparejo.eu\/?s={search_term_string}"},"query-input":{"@type":"PropertyValueSpecification","valueRequired":true,"valueName":"search_term_string"}}],"inLanguage":"fr-FR"}]}},"_links":{"self":[{"href":"https:\/\/raphael.vaucourte.rparejo.eu\/index.php\/wp-json\/wp\/v2\/pages\/2365","targetHints":{"allow":["GET"]}}],"collection":[{"href":"https:\/\/raphael.vaucourte.rparejo.eu\/index.php\/wp-json\/wp\/v2\/pages"}],"about":[{"href":"https:\/\/raphael.vaucourte.rparejo.eu\/index.php\/wp-json\/wp\/v2\/types\/page"}],"author":[{"embeddable":true,"href":"https:\/\/raphael.vaucourte.rparejo.eu\/index.php\/wp-json\/wp\/v2\/users\/1"}],"replies":[{"embeddable":true,"href":"https:\/\/raphael.vaucourte.rparejo.eu\/index.php\/wp-json\/wp\/v2\/comments?post=2365"}],"version-history":[{"count":0,"href":"https:\/\/raphael.vaucourte.rparejo.eu\/index.php\/wp-json\/wp\/v2\/pages\/2365\/revisions"}],"up":[{"embeddable":true,"href":"https:\/\/raphael.vaucourte.rparejo.eu\/index.php\/wp-json\/wp\/v2\/pages\/122"}],"wp:featuredmedia":[{"embeddable":true,"href":"https:\/\/raphael.vaucourte.rparejo.eu\/index.php\/wp-json\/wp\/v2\/media\/2331"}],"wp:attachment":[{"href":"https:\/\/raphael.vaucourte.rparejo.eu\/index.php\/wp-json\/wp\/v2\/media?parent=2365"}],"curies":[{"name":"wp","href":"https:\/\/api.w.org\/{rel}","templated":true}]}}