{"id":19,"date":"2015-10-20T15:19:57","date_gmt":"2015-10-20T15:19:57","guid":{"rendered":"https:\/\/raphaelvaucourte.wordpress.com\/?page_id=19"},"modified":"2019-11-17T21:58:50","modified_gmt":"2019-11-17T20:58:50","slug":"chansons-pour-la-route","status":"publish","type":"page","link":"https:\/\/raphael.vaucourte.rparejo.eu\/index.php\/chansons-pour-la-route\/","title":{"rendered":"Chansons pour la route"},"content":{"rendered":"\t\t<div data-elementor-type=\"wp-page\" data-elementor-id=\"19\" class=\"elementor elementor-19\">\n\t\t\t\t\t\t<section class=\"elementor-section elementor-top-section elementor-element elementor-element-6e4d809 elementor-section-boxed elementor-section-height-default elementor-section-height-default\" data-id=\"6e4d809\" data-element_type=\"section\" data-e-type=\"section\">\n\t\t\t\t\t\t<div class=\"elementor-container elementor-column-gap-default\">\n\t\t\t\t\t<div class=\"elementor-column elementor-col-50 elementor-top-column elementor-element elementor-element-7dd548f\" data-id=\"7dd548f\" data-element_type=\"column\" data-e-type=\"column\">\n\t\t\t<div class=\"elementor-widget-wrap elementor-element-populated\">\n\t\t\t\t\t\t<div class=\"elementor-element elementor-element-0ef66ae elementor-invisible elementor-widget elementor-widget-text-editor\" data-id=\"0ef66ae\" data-element_type=\"widget\" data-e-type=\"widget\" data-settings=\"{&quot;_animation&quot;:&quot;fadeInLeft&quot;}\" data-widget_type=\"text-editor.default\">\n\t\t\t\t<div class=\"elementor-widget-container\">\n\t\t\t\t\t\t\t\t\t<p><span style=\"font-size: 12pt;\">Sous ce titre Rapha\u00ebl Vaucourte regroupe une s\u00e9lection de chansons en langue fran\u00e7aise, qu&rsquo;elles soient d&rsquo;auteurs connus ou rest\u00e9es anonymes, pour lesquelles il a \u00e9crit des arrangements originaux, ainsi que des compositions et po\u00e9sies personnelles qu&rsquo;il a mises en musique.<\/span><\/p><p>T\u00e9l\u00e9charger le feuillet de pr\u00e9sentation en fran\u00e7ais : <a href=\"https:\/\/raphael.vaucourte.rparejo.eu\/wp-content\/uploads\/2019\/10\/Raphae\u0308l-Vaucourte_flyer-A4_Fr_Web.pdf\">Raphae\u0308l Vaucourte_flyer-A4_Fr_Web<\/a><\/p><p>Descargar la hoja de presentaci\u00f3n en espa\u00f1ol: <a href=\"https:\/\/raphael.vaucourte.rparejo.eu\/wp-content\/uploads\/2019\/10\/Raphae\u0308l-Vaucourte_flyer-A4_Es_Web.pdf\">Raphae\u0308l Vaucourte_flyer-A4_Es_Web<\/a><\/p><p>Affiche A3 (fran\u00e7ais) : <a href=\"https:\/\/raphael.vaucourte.rparejo.eu\/wp-content\/uploads\/2019\/10\/Raph_d-en-France_Poster-A3_v4-2019_FR_Web.pdf\">Raph_d-en France_Poster-A3_v4-2019_FR_Web<\/a><\/p><p>Cartel A3 (espa\u00f1ol) : <a href=\"https:\/\/raphael.vaucourte.rparejo.eu\/wp-content\/uploads\/2019\/11\/Raph_den-France_Poster-A3_v4-2019_ES_Web.pdf\">Raph_d&rsquo;en France_Poster-A3_v4-2019_ES_Web<\/a><\/p><p>\u00a0<\/p><p>\u00a0<\/p>\t\t\t\t\t\t\t\t<\/div>\n\t\t\t\t<\/div>\n\t\t\t\t<section class=\"elementor-section elementor-inner-section elementor-element elementor-element-a380ba0 elementor-section-boxed elementor-section-height-default elementor-section-height-default\" data-id=\"a380ba0\" data-element_type=\"section\" data-e-type=\"section\">\n\t\t\t\t\t\t<div class=\"elementor-container elementor-column-gap-default\">\n\t\t\t\t\t<div class=\"elementor-column elementor-col-50 elementor-inner-column elementor-element elementor-element-e397065\" data-id=\"e397065\" data-element_type=\"column\" data-e-type=\"column\">\n\t\t\t<div class=\"elementor-widget-wrap elementor-element-populated\">\n\t\t\t\t\t\t<div class=\"elementor-element elementor-element-8d2d1fd elementor-widget elementor-widget-text-editor\" data-id=\"8d2d1fd\" data-element_type=\"widget\" data-e-type=\"widget\" data-widget_type=\"text-editor.default\">\n\t\t\t\t<div class=\"elementor-widget-container\">\n\t\t\t\t\t\t\t\t\t<p style=\"text-align: justify;\">Pour monter son r\u00e9cital Rapha\u00ebl a mis \u00e0 profit sa propre exp\u00e9rience de la route et des voyages, le souvenir de ses errances d&rsquo;adolescence, puis les voyages en France et en Europe, en tourn\u00e9e puis en Am\u00e9rique du Sud pour donner des concerts avec son duo Rafael y Regina (musiques d&rsquo;Am\u00e9rique latine), et ensuite ses exp\u00e9ditions de recherche en Am\u00e9rique du Sud (voir <strong><a href=\"https:\/\/raphael.vaucourte.rparejo.eu\/index.php\/chansons-pour-la-route-histoires-de-routes-et-voyages-vues-par-raphael\/\">ICI<\/a><\/strong> pour plus de d\u00e9tails). Comme il aime jouer avec les diff\u00e9rentes dimensions des notions et concepts, il introduit \u00e9galement dans son travail le th\u00e8me de la route comme m\u00e9taphore de la vie de l&rsquo;enfance \u00e0 la vieillesse et de la naissance \u00e0 la mort.,<\/p>\t\t\t\t\t\t\t\t<\/div>\n\t\t\t\t<\/div>\n\t\t\t\t\t<\/div>\n\t\t<\/div>\n\t\t\t\t<div class=\"elementor-column elementor-col-50 elementor-inner-column elementor-element elementor-element-76f1166\" data-id=\"76f1166\" data-element_type=\"column\" data-e-type=\"column\">\n\t\t\t<div class=\"elementor-widget-wrap elementor-element-populated\">\n\t\t\t\t\t\t<div class=\"elementor-element elementor-element-3f20e28 elementor-widget elementor-widget-text-editor\" data-id=\"3f20e28\" data-element_type=\"widget\" data-e-type=\"widget\" data-widget_type=\"text-editor.default\">\n\t\t\t\t<div class=\"elementor-widget-container\">\n\t\t\t\t\t\t\t\t\t<p style=\"text-align: justify;\">Les compositions de Rapha\u00ebl ont en g\u00e9n\u00e9ral\u00a0 des paroles \u00e9crites sur des m\u00e9triques non conventionnelles sur des musiques et rythmes vari\u00e9s. Si la plupart des m\u00e9lodies de ses chansons gardent une teneur classique tr\u00e8s m\u00e9lodique, ses influences ant\u00e9rieures du folk-rock et des musiques d&rsquo;Am\u00e9rique latine restent tr\u00e8s pr\u00e9sentes. L&rsquo;utilisation an alternance de guitares acoustiques (classique et folk) et d&rsquo;une guitare \u00e9lectro-acoustique contribuent \u00e0 varier les sonorit\u00e9s et \u00e0 donner une touche \u00e0 la fois originale et r\u00e9solument moderne. Les\u00a0 po\u00e8mes de sa plume qu&rsquo;il a mis en musique r\u00e9v\u00e8lent des formes d&rsquo;\u00e9criture originales tant pour les paroles que pour la musique.<\/p>\t\t\t\t\t\t\t\t<\/div>\n\t\t\t\t<\/div>\n\t\t\t\t\t<\/div>\n\t\t<\/div>\n\t\t\t\t\t<\/div>\n\t\t<\/section>\n\t\t\t\t\t<\/div>\n\t\t<\/div>\n\t\t\t\t<div class=\"elementor-column elementor-col-50 elementor-top-column elementor-element elementor-element-8277152\" data-id=\"8277152\" data-element_type=\"column\" data-e-type=\"column\">\n\t\t\t<div class=\"elementor-widget-wrap elementor-element-populated\">\n\t\t\t\t\t\t<div class=\"elementor-element elementor-element-96eddd1 elementor-invisible elementor-widget elementor-widget-image\" data-id=\"96eddd1\" data-element_type=\"widget\" data-e-type=\"widget\" data-settings=\"{&quot;_animation&quot;:&quot;fadeInRight&quot;}\" data-widget_type=\"image.default\">\n\t\t\t\t<div class=\"elementor-widget-container\">\n\t\t\t\t\t\t\t\t\t\t\t\t\t\t\t<img decoding=\"async\" src=\"https:\/\/raphael.vaucourte.rparejo.eu\/wp-content\/uploads\/2018\/10\/R-V_Pour-la-route_photo-presse_01_Colors_previsualisation.jpg\" title=\"R-V_Pour-la-route_photo-presse_01_Colors_previsualisation\" alt=\"R-V_Pour-la-route_photo-presse_01_Colors_previsualisation\" loading=\"lazy\" \/>\t\t\t\t\t\t\t\t\t\t\t\t\t\t\t<\/div>\n\t\t\t\t<\/div>\n\t\t\t\t\t<\/div>\n\t\t<\/div>\n\t\t\t\t\t<\/div>\n\t\t<\/section>\n\t\t\t\t<section class=\"elementor-section elementor-top-section elementor-element elementor-element-b19d9ad elementor-section-boxed elementor-section-height-default elementor-section-height-default\" data-id=\"b19d9ad\" data-element_type=\"section\" data-e-type=\"section\">\n\t\t\t\t\t\t<div class=\"elementor-container elementor-column-gap-default\">\n\t\t\t\t\t<div class=\"elementor-column elementor-col-50 elementor-top-column elementor-element elementor-element-6fb6112\" data-id=\"6fb6112\" data-element_type=\"column\" data-e-type=\"column\">\n\t\t\t<div class=\"elementor-widget-wrap elementor-element-populated\">\n\t\t\t\t\t\t<div class=\"elementor-element elementor-element-3b6f77c elementor-invisible elementor-widget elementor-widget-image\" data-id=\"3b6f77c\" data-element_type=\"widget\" data-e-type=\"widget\" data-settings=\"{&quot;_animation&quot;:&quot;rotateInDownLeft&quot;}\" data-widget_type=\"image.default\">\n\t\t\t\t<div class=\"elementor-widget-container\">\n\t\t\t\t\t\t\t\t\t\t\t\t\t\t\t<img decoding=\"async\" src=\"https:\/\/raphael.vaucourte.rparejo.eu\/wp-content\/uploads\/2017\/11\/Raph-Vaucourte_CPLR_Poster-A3.jpg\" title=\"Raph-Vaucourte_CPLR_Poster-A3\" alt=\"Raph-Vaucourte_CPLR_Poster-A3\" loading=\"lazy\" \/>\t\t\t\t\t\t\t\t\t\t\t\t\t\t\t<\/div>\n\t\t\t\t<\/div>\n\t\t\t\t\t<\/div>\n\t\t<\/div>\n\t\t\t\t<div class=\"elementor-column elementor-col-50 elementor-top-column elementor-element elementor-element-829a43a\" data-id=\"829a43a\" data-element_type=\"column\" data-e-type=\"column\">\n\t\t\t<div class=\"elementor-widget-wrap elementor-element-populated\">\n\t\t\t\t\t\t<div class=\"elementor-element elementor-element-541a13d elementor-invisible elementor-widget elementor-widget-image\" data-id=\"541a13d\" data-element_type=\"widget\" data-e-type=\"widget\" data-settings=\"{&quot;_animation&quot;:&quot;rotateInDownRight&quot;}\" data-widget_type=\"image.default\">\n\t\t\t\t<div class=\"elementor-widget-container\">\n\t\t\t\t\t\t\t\t\t\t\t\t\t\t\t<img fetchpriority=\"high\" decoding=\"async\" width=\"375\" height=\"720\" src=\"https:\/\/raphael.vaucourte.rparejo.eu\/wp-content\/uploads\/2019\/10\/Raph_sur-la-route_guitare-acoustique_de\u0301tail_web-e1571176095639.jpg\" class=\"attachment-large size-large wp-image-1769\" alt=\"\" srcset=\"https:\/\/raphael.vaucourte.rparejo.eu\/wp-content\/uploads\/2019\/10\/Raph_sur-la-route_guitare-acoustique_de\u0301tail_web-e1571176095639.jpg 375w, https:\/\/raphael.vaucourte.rparejo.eu\/wp-content\/uploads\/2019\/10\/Raph_sur-la-route_guitare-acoustique_de\u0301tail_web-e1571176095639-240x460.jpg 240w, https:\/\/raphael.vaucourte.rparejo.eu\/wp-content\/uploads\/2019\/10\/Raph_sur-la-route_guitare-acoustique_de\u0301tail_web-e1571176095639-339x650.jpg 339w\" sizes=\"(max-width: 375px) 100vw, 375px\" \/>\t\t\t\t\t\t\t\t\t\t\t\t\t\t\t<\/div>\n\t\t\t\t<\/div>\n\t\t\t\t\t<\/div>\n\t\t<\/div>\n\t\t\t\t\t<\/div>\n\t\t<\/section>\n\t\t\t\t<section class=\"elementor-section elementor-top-section elementor-element elementor-element-b3a78b9 elementor-section-boxed elementor-section-height-default elementor-section-height-default\" data-id=\"b3a78b9\" data-element_type=\"section\" data-e-type=\"section\">\n\t\t\t\t\t\t<div class=\"elementor-container elementor-column-gap-default\">\n\t\t\t\t\t<div class=\"elementor-column elementor-col-100 elementor-top-column elementor-element elementor-element-57ddc8f\" data-id=\"57ddc8f\" data-element_type=\"column\" data-e-type=\"column\">\n\t\t\t<div class=\"elementor-widget-wrap elementor-element-populated\">\n\t\t\t\t\t\t<div class=\"elementor-element elementor-element-1b77d9f elementor-widget elementor-widget-text-editor\" data-id=\"1b77d9f\" data-element_type=\"widget\" data-e-type=\"widget\" data-widget_type=\"text-editor.default\">\n\t\t\t\t<div class=\"elementor-widget-container\">\n\t\t\t\t\t\t\t\t\t<p><span style=\"font-size: 14pt;\">Pour en savoir sur la conception de la route et des voyages de Rapha\u00ebl, voir <a href=\"https:\/\/raphael.vaucourte.rparejo.eu\/index.php\/chansons-pour-la-route-histoires-de-routes-et-voyages-vues-par-raphael\/\"><strong>cette page<\/strong><\/a>.<\/span><\/p>\t\t\t\t\t\t\t\t<\/div>\n\t\t\t\t<\/div>\n\t\t\t\t\t<\/div>\n\t\t<\/div>\n\t\t\t\t\t<\/div>\n\t\t<\/section>\n\t\t\t\t<\/div>\n\t\t","protected":false},"excerpt":{"rendered":"<p>Sous ce titre Rapha\u00ebl Vaucourte regroupe une s\u00e9lection de chansons en langue fran\u00e7aise, qu&rsquo;elles soient d&rsquo;auteurs connus ou rest\u00e9es anonymes, pour lesquelles il a \u00e9crit des arrangements originaux, ainsi que des compositions et po\u00e9sies personnelles qu&rsquo;il a mises en musique. T\u00e9l\u00e9charger le feuillet de pr\u00e9sentation en fran\u00e7ais : Raphae\u0308l Vaucourte_flyer-A4_Fr_Web Descargar la hoja de presentaci\u00f3n en espa\u00f1ol: Raphae\u0308l Vaucourte_flyer-A4_Es_Web Affiche &hellip;<\/p>\n","protected":false},"author":1,"featured_media":1633,"parent":0,"menu_order":2,"comment_status":"closed","ping_status":"closed","template":"elementor_header_footer","meta":{"footnotes":""},"class_list":["post-19","page","type-page","status-publish","has-post-thumbnail","hentry"],"yoast_head":"<!-- This site is optimized with the Yoast SEO plugin v27.5 - https:\/\/yoast.com\/product\/yoast-seo-wordpress\/ -->\n<title>Chansons pour la route - Rapha\u00ebl Vaucourte (site officiel)<\/title>\n<meta name=\"robots\" content=\"index, follow, max-snippet:-1, max-image-preview:large, max-video-preview:-1\" \/>\n<link rel=\"canonical\" href=\"https:\/\/raphael.vaucourte.rparejo.eu\/index.php\/chansons-pour-la-route\/\" \/>\n<meta property=\"og:locale\" content=\"fr_FR\" \/>\n<meta property=\"og:type\" content=\"article\" \/>\n<meta property=\"og:title\" content=\"Chansons pour la route - Rapha\u00ebl Vaucourte (site officiel)\" \/>\n<meta property=\"og:description\" content=\"Sous ce titre Rapha\u00ebl Vaucourte regroupe une s\u00e9lection de chansons en langue fran\u00e7aise, qu&rsquo;elles soient d&rsquo;auteurs connus ou rest\u00e9es anonymes, pour lesquelles il a \u00e9crit des arrangements originaux, ainsi que des compositions et po\u00e9sies personnelles qu&rsquo;il a mises en musique. T\u00e9l\u00e9charger le feuillet de pr\u00e9sentation en fran\u00e7ais : Raphae\u0308l Vaucourte_flyer-A4_Fr_Web Descargar la hoja de presentaci\u00f3n en espa\u00f1ol: Raphae\u0308l Vaucourte_flyer-A4_Es_Web Affiche &hellip;\" \/>\n<meta property=\"og:url\" content=\"https:\/\/raphael.vaucourte.rparejo.eu\/index.php\/chansons-pour-la-route\/\" \/>\n<meta property=\"og:site_name\" content=\"Rapha\u00ebl Vaucourte (site officiel)\" \/>\n<meta property=\"article:modified_time\" content=\"2019-11-17T20:58:50+00:00\" \/>\n<meta property=\"og:image\" content=\"https:\/\/raphael.vaucourte.rparejo.eu\/wp-content\/uploads\/2019\/06\/Raph-Vaucourte_Chansons-route_image-en-avant.jpg\" \/>\n\t<meta property=\"og:image:width\" content=\"1920\" \/>\n\t<meta property=\"og:image:height\" content=\"650\" \/>\n\t<meta property=\"og:image:type\" content=\"image\/jpeg\" \/>\n<meta name=\"twitter:card\" content=\"summary_large_image\" \/>\n<meta name=\"twitter:label1\" content=\"Dur\u00e9e de lecture estim\u00e9e\" \/>\n\t<meta name=\"twitter:data1\" content=\"2 minutes\" \/>\n<script type=\"application\/ld+json\" class=\"yoast-schema-graph\">{\"@context\":\"https:\\\/\\\/schema.org\",\"@graph\":[{\"@type\":\"WebPage\",\"@id\":\"https:\\\/\\\/raphael.vaucourte.rparejo.eu\\\/index.php\\\/chansons-pour-la-route\\\/\",\"url\":\"https:\\\/\\\/raphael.vaucourte.rparejo.eu\\\/index.php\\\/chansons-pour-la-route\\\/\",\"name\":\"Chansons pour la route - Rapha\u00ebl Vaucourte (site officiel)\",\"isPartOf\":{\"@id\":\"https:\\\/\\\/raphael.vaucourte.rparejo.eu\\\/#website\"},\"primaryImageOfPage\":{\"@id\":\"https:\\\/\\\/raphael.vaucourte.rparejo.eu\\\/index.php\\\/chansons-pour-la-route\\\/#primaryimage\"},\"image\":{\"@id\":\"https:\\\/\\\/raphael.vaucourte.rparejo.eu\\\/index.php\\\/chansons-pour-la-route\\\/#primaryimage\"},\"thumbnailUrl\":\"https:\\\/\\\/raphael.vaucourte.rparejo.eu\\\/wp-content\\\/uploads\\\/2019\\\/06\\\/Raph-Vaucourte_Chansons-route_image-en-avant.jpg\",\"datePublished\":\"2015-10-20T15:19:57+00:00\",\"dateModified\":\"2019-11-17T20:58:50+00:00\",\"breadcrumb\":{\"@id\":\"https:\\\/\\\/raphael.vaucourte.rparejo.eu\\\/index.php\\\/chansons-pour-la-route\\\/#breadcrumb\"},\"inLanguage\":\"fr-FR\",\"potentialAction\":[{\"@type\":\"ReadAction\",\"target\":[\"https:\\\/\\\/raphael.vaucourte.rparejo.eu\\\/index.php\\\/chansons-pour-la-route\\\/\"]}]},{\"@type\":\"ImageObject\",\"inLanguage\":\"fr-FR\",\"@id\":\"https:\\\/\\\/raphael.vaucourte.rparejo.eu\\\/index.php\\\/chansons-pour-la-route\\\/#primaryimage\",\"url\":\"https:\\\/\\\/raphael.vaucourte.rparejo.eu\\\/wp-content\\\/uploads\\\/2019\\\/06\\\/Raph-Vaucourte_Chansons-route_image-en-avant.jpg\",\"contentUrl\":\"https:\\\/\\\/raphael.vaucourte.rparejo.eu\\\/wp-content\\\/uploads\\\/2019\\\/06\\\/Raph-Vaucourte_Chansons-route_image-en-avant.jpg\",\"width\":1920,\"height\":650},{\"@type\":\"BreadcrumbList\",\"@id\":\"https:\\\/\\\/raphael.vaucourte.rparejo.eu\\\/index.php\\\/chansons-pour-la-route\\\/#breadcrumb\",\"itemListElement\":[{\"@type\":\"ListItem\",\"position\":1,\"name\":\"Accueil\",\"item\":\"https:\\\/\\\/raphael.vaucourte.rparejo.eu\\\/\"},{\"@type\":\"ListItem\",\"position\":2,\"name\":\"Chansons pour la route\"}]},{\"@type\":\"WebSite\",\"@id\":\"https:\\\/\\\/raphael.vaucourte.rparejo.eu\\\/#website\",\"url\":\"https:\\\/\\\/raphael.vaucourte.rparejo.eu\\\/\",\"name\":\"Rapha\u00ebl Vaucourte (site officiel)\",\"description\":\"Chanson fran\u00e7aise\",\"potentialAction\":[{\"@type\":\"SearchAction\",\"target\":{\"@type\":\"EntryPoint\",\"urlTemplate\":\"https:\\\/\\\/raphael.vaucourte.rparejo.eu\\\/?s={search_term_string}\"},\"query-input\":{\"@type\":\"PropertyValueSpecification\",\"valueRequired\":true,\"valueName\":\"search_term_string\"}}],\"inLanguage\":\"fr-FR\"}]}<\/script>\n<!-- \/ Yoast SEO plugin. -->","yoast_head_json":{"title":"Chansons pour la route - Rapha\u00ebl Vaucourte (site officiel)","robots":{"index":"index","follow":"follow","max-snippet":"max-snippet:-1","max-image-preview":"max-image-preview:large","max-video-preview":"max-video-preview:-1"},"canonical":"https:\/\/raphael.vaucourte.rparejo.eu\/index.php\/chansons-pour-la-route\/","og_locale":"fr_FR","og_type":"article","og_title":"Chansons pour la route - Rapha\u00ebl Vaucourte (site officiel)","og_description":"Sous ce titre Rapha\u00ebl Vaucourte regroupe une s\u00e9lection de chansons en langue fran\u00e7aise, qu&rsquo;elles soient d&rsquo;auteurs connus ou rest\u00e9es anonymes, pour lesquelles il a \u00e9crit des arrangements originaux, ainsi que des compositions et po\u00e9sies personnelles qu&rsquo;il a mises en musique. T\u00e9l\u00e9charger le feuillet de pr\u00e9sentation en fran\u00e7ais : Raphae\u0308l Vaucourte_flyer-A4_Fr_Web Descargar la hoja de presentaci\u00f3n en espa\u00f1ol: Raphae\u0308l Vaucourte_flyer-A4_Es_Web Affiche &hellip;","og_url":"https:\/\/raphael.vaucourte.rparejo.eu\/index.php\/chansons-pour-la-route\/","og_site_name":"Rapha\u00ebl Vaucourte (site officiel)","article_modified_time":"2019-11-17T20:58:50+00:00","og_image":[{"width":1920,"height":650,"url":"https:\/\/raphael.vaucourte.rparejo.eu\/wp-content\/uploads\/2019\/06\/Raph-Vaucourte_Chansons-route_image-en-avant.jpg","type":"image\/jpeg"}],"twitter_card":"summary_large_image","twitter_misc":{"Dur\u00e9e de lecture estim\u00e9e":"2 minutes"},"schema":{"@context":"https:\/\/schema.org","@graph":[{"@type":"WebPage","@id":"https:\/\/raphael.vaucourte.rparejo.eu\/index.php\/chansons-pour-la-route\/","url":"https:\/\/raphael.vaucourte.rparejo.eu\/index.php\/chansons-pour-la-route\/","name":"Chansons pour la route - Rapha\u00ebl Vaucourte (site officiel)","isPartOf":{"@id":"https:\/\/raphael.vaucourte.rparejo.eu\/#website"},"primaryImageOfPage":{"@id":"https:\/\/raphael.vaucourte.rparejo.eu\/index.php\/chansons-pour-la-route\/#primaryimage"},"image":{"@id":"https:\/\/raphael.vaucourte.rparejo.eu\/index.php\/chansons-pour-la-route\/#primaryimage"},"thumbnailUrl":"https:\/\/raphael.vaucourte.rparejo.eu\/wp-content\/uploads\/2019\/06\/Raph-Vaucourte_Chansons-route_image-en-avant.jpg","datePublished":"2015-10-20T15:19:57+00:00","dateModified":"2019-11-17T20:58:50+00:00","breadcrumb":{"@id":"https:\/\/raphael.vaucourte.rparejo.eu\/index.php\/chansons-pour-la-route\/#breadcrumb"},"inLanguage":"fr-FR","potentialAction":[{"@type":"ReadAction","target":["https:\/\/raphael.vaucourte.rparejo.eu\/index.php\/chansons-pour-la-route\/"]}]},{"@type":"ImageObject","inLanguage":"fr-FR","@id":"https:\/\/raphael.vaucourte.rparejo.eu\/index.php\/chansons-pour-la-route\/#primaryimage","url":"https:\/\/raphael.vaucourte.rparejo.eu\/wp-content\/uploads\/2019\/06\/Raph-Vaucourte_Chansons-route_image-en-avant.jpg","contentUrl":"https:\/\/raphael.vaucourte.rparejo.eu\/wp-content\/uploads\/2019\/06\/Raph-Vaucourte_Chansons-route_image-en-avant.jpg","width":1920,"height":650},{"@type":"BreadcrumbList","@id":"https:\/\/raphael.vaucourte.rparejo.eu\/index.php\/chansons-pour-la-route\/#breadcrumb","itemListElement":[{"@type":"ListItem","position":1,"name":"Accueil","item":"https:\/\/raphael.vaucourte.rparejo.eu\/"},{"@type":"ListItem","position":2,"name":"Chansons pour la route"}]},{"@type":"WebSite","@id":"https:\/\/raphael.vaucourte.rparejo.eu\/#website","url":"https:\/\/raphael.vaucourte.rparejo.eu\/","name":"Rapha\u00ebl Vaucourte (site officiel)","description":"Chanson fran\u00e7aise","potentialAction":[{"@type":"SearchAction","target":{"@type":"EntryPoint","urlTemplate":"https:\/\/raphael.vaucourte.rparejo.eu\/?s={search_term_string}"},"query-input":{"@type":"PropertyValueSpecification","valueRequired":true,"valueName":"search_term_string"}}],"inLanguage":"fr-FR"}]}},"_links":{"self":[{"href":"https:\/\/raphael.vaucourte.rparejo.eu\/index.php\/wp-json\/wp\/v2\/pages\/19","targetHints":{"allow":["GET"]}}],"collection":[{"href":"https:\/\/raphael.vaucourte.rparejo.eu\/index.php\/wp-json\/wp\/v2\/pages"}],"about":[{"href":"https:\/\/raphael.vaucourte.rparejo.eu\/index.php\/wp-json\/wp\/v2\/types\/page"}],"author":[{"embeddable":true,"href":"https:\/\/raphael.vaucourte.rparejo.eu\/index.php\/wp-json\/wp\/v2\/users\/1"}],"replies":[{"embeddable":true,"href":"https:\/\/raphael.vaucourte.rparejo.eu\/index.php\/wp-json\/wp\/v2\/comments?post=19"}],"version-history":[{"count":0,"href":"https:\/\/raphael.vaucourte.rparejo.eu\/index.php\/wp-json\/wp\/v2\/pages\/19\/revisions"}],"wp:featuredmedia":[{"embeddable":true,"href":"https:\/\/raphael.vaucourte.rparejo.eu\/index.php\/wp-json\/wp\/v2\/media\/1633"}],"wp:attachment":[{"href":"https:\/\/raphael.vaucourte.rparejo.eu\/index.php\/wp-json\/wp\/v2\/media?parent=19"}],"curies":[{"name":"wp","href":"https:\/\/api.w.org\/{rel}","templated":true}]}}