{"id":158,"date":"2015-10-27T03:09:52","date_gmt":"2015-10-27T02:09:52","guid":{"rendered":"https:\/\/raphaelvaucourte.wordpress.com\/?page_id=158"},"modified":"2019-11-25T11:21:31","modified_gmt":"2019-11-25T10:21:31","slug":"en-bref","status":"publish","type":"page","link":"https:\/\/raphael.vaucourte.rparejo.eu\/index.php\/en-bref\/","title":{"rendered":"Biographie"},"content":{"rendered":"\t\t<div data-elementor-type=\"wp-page\" data-elementor-id=\"158\" class=\"elementor elementor-158\">\n\t\t\t\t\t\t<section class=\"elementor-section elementor-top-section elementor-element elementor-element-a28b2a2 elementor-section-boxed elementor-section-height-default elementor-section-height-default\" data-id=\"a28b2a2\" data-element_type=\"section\" data-e-type=\"section\">\n\t\t\t\t\t\t<div class=\"elementor-container elementor-column-gap-default\">\n\t\t\t\t\t<div class=\"elementor-column elementor-col-50 elementor-top-column elementor-element elementor-element-5b3edf0\" data-id=\"5b3edf0\" data-element_type=\"column\" data-e-type=\"column\">\n\t\t\t<div class=\"elementor-widget-wrap elementor-element-populated\">\n\t\t\t\t\t\t<div class=\"elementor-element elementor-element-192ca72 animated-slow elementor-invisible elementor-widget elementor-widget-text-editor\" data-id=\"192ca72\" data-element_type=\"widget\" data-e-type=\"widget\" data-settings=\"{&quot;_animation&quot;:&quot;slideInLeft&quot;}\" data-widget_type=\"text-editor.default\">\n\t\t\t\t<div class=\"elementor-widget-container\">\n\t\t\t\t\t\t\t\t\t<p style=\"text-align: justify;\"><span style=\"font-size: 12pt;\"><strong>Rapha\u00ebl Vaucourte est le nom de sc\u00e8ne qu&rsquo;a choisi Rapha\u00ebl Parejo pour les r\u00e9citals de chansons fran\u00e7aises qu&rsquo;il pr\u00e9sente depuis l&rsquo;automne 2019.<\/strong><\/span><\/p><p style=\"text-align: justify;\">Ethnomusicologue et musicien fran\u00e7ais \u00e0 la trajectoire d\u00e9j\u00e0 tr\u00e8s longue, il a commenc\u00e9 \u00e0 jouer de la guitare \u00e0 l&rsquo;\u00e2ge de douze ans et \u00e0 chanter r\u00e9guli\u00e8rement en public \u00e0 seize. En 1972 il opte pour devenir musicien professionnel, tout en poursuivant des \u00e9tudes de litt\u00e9rature fran\u00e7aise et de litt\u00e9rature hispanique et luso-br\u00e9silienne (Universit\u00e9 Lyon 2). Il a alors 20 ans. En 2016 il a f\u00eat\u00e9 <strong><a href=\"https:\/\/raphael.vaucourte.rparejo.eu\/index.php\/2016-50-ans-de-musiques\/\" target=\"_blank\" rel=\"noopener\">50 ans<\/a><\/strong> de guitare et de musique professionnelle.<\/p><p style=\"text-align: justify;\">Au d\u00e9part chanteur et guitariste, Rapha\u00ebl est devenu au fil des ann\u00e9es un musicien multi-instrumentiste (vents, percussions et diff\u00e9rents instruments \u00e0 cordes). Personne aux go\u00fbts \u00e9clectiques et aux talents multiples, il est \u00e0 la fois scientifique (sociologue et ethnomusicologue), p\u00e9dagogue et artiste\u00a0: musicien auteur-compositeur et interpr\u00e8te, po\u00e8te, photographe, dessinateur.<\/p>\t\t\t\t\t\t\t\t<\/div>\n\t\t\t\t<\/div>\n\t\t\t\t\t<\/div>\n\t\t<\/div>\n\t\t\t\t<div class=\"elementor-column elementor-col-50 elementor-top-column elementor-element elementor-element-1bc9e1c\" data-id=\"1bc9e1c\" data-element_type=\"column\" data-e-type=\"column\">\n\t\t\t<div class=\"elementor-widget-wrap elementor-element-populated\">\n\t\t\t\t\t\t<div class=\"elementor-element elementor-element-0147036 elementor-widget elementor-widget-image\" data-id=\"0147036\" data-element_type=\"widget\" data-e-type=\"widget\" data-widget_type=\"image.default\">\n\t\t\t\t<div class=\"elementor-widget-container\">\n\t\t\t\t\t\t\t\t\t\t\t\t\t\t\t<img decoding=\"async\" src=\"https:\/\/raphael.vaucourte.rparejo.eu\/wp-content\/uploads\/elementor\/thumbs\/Raph_MG_1120_detail-portrait_960x960_web-2-e1571358831619-qee2iuk56aq7yw3r65hxzbbozkz7jf263nq97h83q8.jpg\" title=\"Raph_MG_1120_detail-portrait_960x960_web-2\" alt=\"Raph_MG_1120_detail-portrait_960x960_web-2\" loading=\"lazy\" \/>\t\t\t\t\t\t\t\t\t\t\t\t\t\t\t<\/div>\n\t\t\t\t<\/div>\n\t\t\t\t\t<\/div>\n\t\t<\/div>\n\t\t\t\t\t<\/div>\n\t\t<\/section>\n\t\t\t\t<section class=\"elementor-section elementor-top-section elementor-element elementor-element-fc0ac26 elementor-section-boxed elementor-section-height-default elementor-section-height-default\" data-id=\"fc0ac26\" data-element_type=\"section\" data-e-type=\"section\">\n\t\t\t\t\t\t<div class=\"elementor-container elementor-column-gap-default\">\n\t\t\t\t\t<div class=\"elementor-column elementor-col-33 elementor-top-column elementor-element elementor-element-8ab1a26\" data-id=\"8ab1a26\" data-element_type=\"column\" data-e-type=\"column\">\n\t\t\t<div class=\"elementor-widget-wrap elementor-element-populated\">\n\t\t\t\t\t\t<div class=\"elementor-element elementor-element-719dabb animated-slow elementor-invisible elementor-widget elementor-widget-image\" data-id=\"719dabb\" data-element_type=\"widget\" data-e-type=\"widget\" data-settings=\"{&quot;_animation&quot;:&quot;rollIn&quot;}\" data-widget_type=\"image.default\">\n\t\t\t\t<div class=\"elementor-widget-container\">\n\t\t\t\t\t\t\t\t\t\t\t\t<figure class=\"wp-caption\">\n\t\t\t\t\t\t\t\t\t\t<img fetchpriority=\"high\" decoding=\"async\" width=\"960\" height=\"915\" src=\"https:\/\/raphael.vaucourte.rparejo.eu\/wp-content\/uploads\/2019\/10\/Raph-chant_Jo-guitare_Carmen_web.jpg\" class=\"attachment-large size-large wp-image-1688\" alt=\"\" srcset=\"https:\/\/raphael.vaucourte.rparejo.eu\/wp-content\/uploads\/2019\/10\/Raph-chant_Jo-guitare_Carmen_web.jpg 960w, https:\/\/raphael.vaucourte.rparejo.eu\/wp-content\/uploads\/2019\/10\/Raph-chant_Jo-guitare_Carmen_web-460x438.jpg 460w, https:\/\/raphael.vaucourte.rparejo.eu\/wp-content\/uploads\/2019\/10\/Raph-chant_Jo-guitare_Carmen_web-768x732.jpg 768w, https:\/\/raphael.vaucourte.rparejo.eu\/wp-content\/uploads\/2019\/10\/Raph-chant_Jo-guitare_Carmen_web-682x650.jpg 682w\" sizes=\"(max-width: 960px) 100vw, 960px\" \/>\t\t\t\t\t\t\t\t\t\t\t<figcaption class=\"widget-image-caption wp-caption-text\">D\u00e9buts de chanteur avec mon fr\u00e8re Jos\u00e9 (\u00e0 la guitare !) et ma petite s\u0153ur Carmen (devant \u00e0 droite).<\/figcaption>\n\t\t\t\t\t\t\t\t\t\t<\/figure>\n\t\t\t\t\t\t\t\t\t<\/div>\n\t\t\t\t<\/div>\n\t\t\t\t\t<\/div>\n\t\t<\/div>\n\t\t\t\t<div class=\"elementor-column elementor-col-33 elementor-top-column elementor-element elementor-element-f023cf0\" data-id=\"f023cf0\" data-element_type=\"column\" data-e-type=\"column\">\n\t\t\t<div class=\"elementor-widget-wrap elementor-element-populated\">\n\t\t\t\t\t\t<div class=\"elementor-element elementor-element-1094208 animated-slow elementor-invisible elementor-widget elementor-widget-image\" data-id=\"1094208\" data-element_type=\"widget\" data-e-type=\"widget\" data-settings=\"{&quot;_animation&quot;:&quot;fadeInDown&quot;}\" data-widget_type=\"image.default\">\n\t\t\t\t<div class=\"elementor-widget-container\">\n\t\t\t\t\t\t\t\t\t\t\t\t<figure class=\"wp-caption\">\n\t\t\t\t\t\t\t\t\t\t<img decoding=\"async\" src=\"https:\/\/raphael.vaucourte.rparejo.eu\/wp-content\/uploads\/2019\/10\/Pinuche-Raph-musique_web.jpg\" title=\"Pinuche-Raph-musique_web\" alt=\"Pinuche-Raph-musique_web\" loading=\"lazy\" \/>\t\t\t\t\t\t\t\t\t\t\t<figcaption class=\"widget-image-caption wp-caption-text\">\u00c0 17 ans. Arrangement de chansons, notamment de Claude Nougaro, avec mon ami Jean-Marc Poinas.<\/figcaption>\n\t\t\t\t\t\t\t\t\t\t<\/figure>\n\t\t\t\t\t\t\t\t\t<\/div>\n\t\t\t\t<\/div>\n\t\t\t\t\t<\/div>\n\t\t<\/div>\n\t\t\t\t<div class=\"elementor-column elementor-col-33 elementor-top-column elementor-element elementor-element-d04b015\" data-id=\"d04b015\" data-element_type=\"column\" data-e-type=\"column\">\n\t\t\t<div class=\"elementor-widget-wrap elementor-element-populated\">\n\t\t\t\t\t\t<div class=\"elementor-element elementor-element-d90d0c6 elementor-invisible elementor-widget elementor-widget-image\" data-id=\"d90d0c6\" data-element_type=\"widget\" data-e-type=\"widget\" data-settings=\"{&quot;_animation&quot;:&quot;rollIn&quot;}\" data-widget_type=\"image.default\">\n\t\t\t\t<div class=\"elementor-widget-container\">\n\t\t\t\t\t\t\t\t\t\t\t\t<figure class=\"wp-caption\">\n\t\t\t\t\t\t\t\t\t\t<img decoding=\"async\" src=\"https:\/\/raphael.vaucourte.rparejo.eu\/wp-content\/uploads\/2018\/10\/Raph_20-ans_1972.jpg\" title=\"Raph_20-ans_1972\" alt=\"Raph_20-ans_1972\" loading=\"lazy\" \/>\t\t\t\t\t\t\t\t\t\t\t<figcaption class=\"widget-image-caption wp-caption-text\">\u00c0 20 ans...<\/figcaption>\n\t\t\t\t\t\t\t\t\t\t<\/figure>\n\t\t\t\t\t\t\t\t\t<\/div>\n\t\t\t\t<\/div>\n\t\t\t\t\t<\/div>\n\t\t<\/div>\n\t\t\t\t\t<\/div>\n\t\t<\/section>\n\t\t\t\t<section class=\"elementor-section elementor-top-section elementor-element elementor-element-a91c35d elementor-section-boxed elementor-section-height-default elementor-section-height-default\" data-id=\"a91c35d\" data-element_type=\"section\" data-e-type=\"section\">\n\t\t\t\t\t\t<div class=\"elementor-container elementor-column-gap-default\">\n\t\t\t\t\t<div class=\"elementor-column elementor-col-50 elementor-top-column elementor-element elementor-element-7f60ef9\" data-id=\"7f60ef9\" data-element_type=\"column\" data-e-type=\"column\">\n\t\t\t<div class=\"elementor-widget-wrap elementor-element-populated\">\n\t\t\t\t\t\t<div class=\"elementor-element elementor-element-909de4b elementor-invisible elementor-widget elementor-widget-text-editor\" data-id=\"909de4b\" data-element_type=\"widget\" data-e-type=\"widget\" data-settings=\"{&quot;_animation&quot;:&quot;zoomIn&quot;}\" data-widget_type=\"text-editor.default\">\n\t\t\t\t<div class=\"elementor-widget-container\">\n\t\t\t\t\t\t\t\t\t<p style=\"text-align: justify;\">Sur le plan musical il \u00e9tait autrefois (1972-1985) surtout connu pour \u00eatre un interpr\u00e8te sp\u00e9cialiste des musiques d&rsquo;Am\u00e9rique du Sud et pour ses concerts de musiques latino-am\u00e9ricaines qui l&rsquo;ont amen\u00e9 \u00e0 voyager\u00a0 dans toute l&rsquo;Europe comme hors d&rsquo;Europe de 1972 \u00e0 1986. Il a donn\u00e9 des centaines de r\u00e9citals avec le duo <strong><a href=\"https:\/\/rafael-y-regina.ethnomusicologie.org\/\" target=\"_blank\" rel=\"noopener noreferrer\">Rafael &amp; Regina<\/a><\/strong> jusqu&rsquo;en 1986, puis plus ponctuellement en solo les ann\u00e9es suivantes.<\/p><p style=\"text-align: justify;\">Il est \u00e9galement connu en tant que chercheur pour ses travaux d&rsquo;ethnomusicologie, r\u00e9alis\u00e9s d&rsquo;abord en France (Dr\u00f4me et Vaucluse de 1980 \u00e0 1983), puis dans les Andes (P\u00e9rou, \u00c9quateur, Bolivie, Argentine, de 1983 \u00e0 1995), et ensuite \u00e0 partir de 1996 en Pays Basque o\u00f9 il r\u00e9side depuis 2006 (Biscaye, Espagne). Voir <a href=\"http:\/\/www.ethnomusicologie.org\/\"><strong>son site web professionne<\/strong>l<\/a> d&rsquo;ethnomusicologue et la page qui lui est consacr\u00e9e dans l<strong>&lsquo;<a href=\"http:\/\/www.ethnomusicologie.fr\/la-sfe\/annuaire\/userprofile\/rparejocoudert\">annuaire de la SFE<\/a><\/strong> (Soci\u00e9t\u00e9 Fran\u00e7aise d&rsquo;Ethnomusicologie) dont il est membre.<\/p><p style=\"text-align: justify;\">Apr\u00e8s des ann\u00e9es consacr\u00e9es \u00e0 la recherche en ethnomusicologie, il revient sur sc\u00e8ne avec plusieurs projets musicaux. En premier lieu deux programmes de chansons fran\u00e7aises, en solo ou avec une accompagnatrice ou un accompagnateur (un violoncelle est pressenti&#8230;) : le premier intitul\u00e9 <em>\u00ab\u00a0<strong><a href=\"https:\/\/raphaelvaucourte.wordpress.com\/programmes-concerts\/qui-est-pierre-vaucourte\/\" target=\"_blank\" rel=\"noopener noreferrer\">Chansons d&rsquo;en France et de la Francophonie<\/a>\u00a0<\/strong><\/em><strong><em>\u00bb<\/em><\/strong><em>,<\/em> et le second <strong><em>\u00ab\u00a0<\/em><\/strong><strong><em><a href=\"https:\/\/raphael.vaucourte.rparejo.eu\/index.php\/programmes-concerts\/chansons-pour-la-route\/\" target=\"_blank\" rel=\"noopener noreferrer\">Chansons pour la route\u00a0<\/a><\/em><\/strong><strong><em>\u00bb<\/em><\/strong> avec \u00e9galement des compositions personnelles. Ce sont ces deux programmes qui sont l&rsquo;objet de ce site, ainsi qu&rsquo;un spectacle original qui m\u00eale chanson, diction de textes en prose et de po\u00e9sies : <strong><a href=\"https:\/\/raphael.vaucourte.rparejo.eu\/index.php\/a-lenseigne-du-vieux-k-barre\/\" target=\"_blank\" rel=\"noopener\"><em>\u00c0 l&rsquo;enseigne du Vieux K-Barr\u00e9<\/em><\/a>.<\/strong><\/p>\t\t\t\t\t\t\t\t<\/div>\n\t\t\t\t<\/div>\n\t\t\t\t\t<\/div>\n\t\t<\/div>\n\t\t\t\t<div class=\"elementor-column elementor-col-50 elementor-top-column elementor-element elementor-element-b4171ac\" data-id=\"b4171ac\" data-element_type=\"column\" data-e-type=\"column\">\n\t\t\t<div class=\"elementor-widget-wrap elementor-element-populated\">\n\t\t\t\t\t\t<div class=\"elementor-element elementor-element-37109ff elementor-invisible elementor-widget elementor-widget-text-editor\" data-id=\"37109ff\" data-element_type=\"widget\" data-e-type=\"widget\" data-settings=\"{&quot;_animation&quot;:&quot;fadeInRight&quot;}\" data-widget_type=\"text-editor.default\">\n\t\t\t\t<div class=\"elementor-widget-container\">\n\t\t\t\t\t\t\t\t\t<p><img decoding=\"async\" class=\"wp-image-1573 aligncenter\" src=\"https:\/\/raphael.vaucourte.rparejo.eu\/wp-content\/uploads\/2018\/10\/rafael-parejo-en-concierto-st-anne_palud_19801-360x460.jpg\" alt=\"\" width=\"376\" height=\"480\" srcset=\"https:\/\/raphael.vaucourte.rparejo.eu\/wp-content\/uploads\/2018\/10\/rafael-parejo-en-concierto-st-anne_palud_19801-360x460.jpg 360w, https:\/\/raphael.vaucourte.rparejo.eu\/wp-content\/uploads\/2018\/10\/rafael-parejo-en-concierto-st-anne_palud_19801-768x980.jpg 768w, https:\/\/raphael.vaucourte.rparejo.eu\/wp-content\/uploads\/2018\/10\/rafael-parejo-en-concierto-st-anne_palud_19801-802x1024.jpg 802w, https:\/\/raphael.vaucourte.rparejo.eu\/wp-content\/uploads\/2018\/10\/rafael-parejo-en-concierto-st-anne_palud_19801-509x650.jpg 509w, https:\/\/raphael.vaucourte.rparejo.eu\/wp-content\/uploads\/2018\/10\/rafael-parejo-en-concierto-st-anne_palud_19801.jpg 940w\" sizes=\"(max-width: 376px) 100vw, 376px\" \/><\/p><p style=\"text-align: center;\">Rapha\u00ebl en concert en 1984 (duo \u201cRafael &amp; Regina\u201d)<\/p>\t\t\t\t\t\t\t\t<\/div>\n\t\t\t\t<\/div>\n\t\t\t\t\t<\/div>\n\t\t<\/div>\n\t\t\t\t\t<\/div>\n\t\t<\/section>\n\t\t\t\t<section class=\"elementor-section elementor-top-section elementor-element elementor-element-45502555 elementor-section-boxed elementor-section-height-default elementor-section-height-default\" data-id=\"45502555\" data-element_type=\"section\" data-e-type=\"section\">\n\t\t\t\t\t\t<div class=\"elementor-container elementor-column-gap-default\">\n\t\t\t\t\t<div class=\"elementor-column elementor-col-100 elementor-top-column elementor-element elementor-element-87a3e64\" data-id=\"87a3e64\" data-element_type=\"column\" data-e-type=\"column\">\n\t\t\t<div class=\"elementor-widget-wrap elementor-element-populated\">\n\t\t\t\t\t\t<div class=\"elementor-element elementor-element-61ed53e8 elementor-widget elementor-widget-text-editor\" data-id=\"61ed53e8\" data-element_type=\"widget\" data-e-type=\"widget\" data-widget_type=\"text-editor.default\">\n\t\t\t\t<div class=\"elementor-widget-container\">\n\t\t\t\t\t\t\t\t\t<p style=\"text-align: justify;\">Deux autres projets musicaux compl\u00e8tent ce retour sur sc\u00e8ne avec un r\u00e9pertoire international : le premier avec la chanteuse allemande <a href=\"https:\/\/lilofeeinconcert.wordpress.com\/\"><strong>Lilofee<\/strong><\/a> au sein du duo <a href=\"https:\/\/sweetwinds.wordpress.com\/\"><strong>Sweet Winds<\/strong><\/a>, le second avec le groupe <strong><a href=\"http:\/\/www.mobiussoundsproject.net\/\">M\u00f6bius Sounds<\/a><\/strong> (\u00e9galement sur <strong><a href=\"https:\/\/www.reverbnation.com\/artist\/m%C3%B6biussounds\">ReverbNation<\/a><\/strong>) qui est un sous-\u00e9l\u00e9ment du projet musical exp\u00e9rimental <strong><a href=\"http:\/\/www.mobiussoundsproject.net\/\">M\u00f6bius Sounds Project<\/a><\/strong><strong>.\u00a0<\/strong>Rapha\u00ebl \u00e9crit les arrangements musicaux de la chanteuse <a href=\"https:\/\/lilofeeinconcert.wordpress.com\/\"><strong>Lilofee<\/strong><\/a> qu&rsquo;il accompagne sur sc\u00e8ne.<\/p>\t\t\t\t\t\t\t\t<\/div>\n\t\t\t\t<\/div>\n\t\t\t\t\t<\/div>\n\t\t<\/div>\n\t\t\t\t\t<\/div>\n\t\t<\/section>\n\t\t\t\t<\/div>\n\t\t","protected":false},"excerpt":{"rendered":"<p>Rapha\u00ebl Vaucourte est le nom de sc\u00e8ne qu&rsquo;a choisi Rapha\u00ebl Parejo pour les r\u00e9citals de chansons fran\u00e7aises qu&rsquo;il pr\u00e9sente depuis l&rsquo;automne 2019. Ethnomusicologue et musicien fran\u00e7ais \u00e0 la trajectoire d\u00e9j\u00e0 tr\u00e8s longue, il a commenc\u00e9 \u00e0 jouer de la guitare \u00e0 l&rsquo;\u00e2ge de douze ans et \u00e0 chanter r\u00e9guli\u00e8rement en public \u00e0 seize. En 1972 il opte pour devenir musicien &hellip;<\/p>\n","protected":false},"author":1,"featured_media":0,"parent":0,"menu_order":1,"comment_status":"closed","ping_status":"closed","template":"elementor_header_footer","meta":{"footnotes":""},"class_list":["post-158","page","type-page","status-publish","hentry"],"yoast_head":"<!-- This site is optimized with the Yoast SEO plugin v27.5 - https:\/\/yoast.com\/product\/yoast-seo-wordpress\/ -->\n<title>Biographie - Rapha\u00ebl Vaucourte (site officiel)<\/title>\n<meta name=\"robots\" content=\"index, follow, max-snippet:-1, max-image-preview:large, max-video-preview:-1\" \/>\n<link rel=\"canonical\" href=\"https:\/\/raphael.vaucourte.rparejo.eu\/index.php\/en-bref\/\" \/>\n<meta property=\"og:locale\" content=\"fr_FR\" \/>\n<meta property=\"og:type\" content=\"article\" \/>\n<meta property=\"og:title\" content=\"Biographie - Rapha\u00ebl Vaucourte (site officiel)\" \/>\n<meta property=\"og:description\" content=\"Rapha\u00ebl Vaucourte est le nom de sc\u00e8ne qu&rsquo;a choisi Rapha\u00ebl Parejo pour les r\u00e9citals de chansons fran\u00e7aises qu&rsquo;il pr\u00e9sente depuis l&rsquo;automne 2019. Ethnomusicologue et musicien fran\u00e7ais \u00e0 la trajectoire d\u00e9j\u00e0 tr\u00e8s longue, il a commenc\u00e9 \u00e0 jouer de la guitare \u00e0 l&rsquo;\u00e2ge de douze ans et \u00e0 chanter r\u00e9guli\u00e8rement en public \u00e0 seize. En 1972 il opte pour devenir musicien &hellip;\" \/>\n<meta property=\"og:url\" content=\"https:\/\/raphael.vaucourte.rparejo.eu\/index.php\/en-bref\/\" \/>\n<meta property=\"og:site_name\" content=\"Rapha\u00ebl Vaucourte (site officiel)\" \/>\n<meta property=\"article:modified_time\" content=\"2019-11-25T10:21:31+00:00\" \/>\n<meta property=\"og:image\" content=\"https:\/\/raphael.vaucourte.rparejo.eu\/wp-content\/uploads\/elementor\/thumbs\/Raph_MG_1120_detail-portrait_960x960_web-2-e1571358831619-ofdl7qn36sx8csnzx3yf72hionnz4v9d6momxn5n9c.jpg\" \/>\n<meta name=\"twitter:card\" content=\"summary_large_image\" \/>\n<meta name=\"twitter:label1\" content=\"Dur\u00e9e de lecture estim\u00e9e\" \/>\n\t<meta name=\"twitter:data1\" content=\"3 minutes\" \/>\n<script type=\"application\/ld+json\" class=\"yoast-schema-graph\">{\"@context\":\"https:\\\/\\\/schema.org\",\"@graph\":[{\"@type\":\"WebPage\",\"@id\":\"https:\\\/\\\/raphael.vaucourte.rparejo.eu\\\/index.php\\\/en-bref\\\/\",\"url\":\"https:\\\/\\\/raphael.vaucourte.rparejo.eu\\\/index.php\\\/en-bref\\\/\",\"name\":\"Biographie - Rapha\u00ebl Vaucourte (site officiel)\",\"isPartOf\":{\"@id\":\"https:\\\/\\\/raphael.vaucourte.rparejo.eu\\\/#website\"},\"primaryImageOfPage\":{\"@id\":\"https:\\\/\\\/raphael.vaucourte.rparejo.eu\\\/index.php\\\/en-bref\\\/#primaryimage\"},\"image\":{\"@id\":\"https:\\\/\\\/raphael.vaucourte.rparejo.eu\\\/index.php\\\/en-bref\\\/#primaryimage\"},\"thumbnailUrl\":\"https:\\\/\\\/raphael.vaucourte.rparejo.eu\\\/wp-content\\\/uploads\\\/elementor\\\/thumbs\\\/Raph_MG_1120_detail-portrait_960x960_web-2-e1571358831619-ofdl7qn36sx8csnzx3yf72hionnz4v9d6momxn5n9c.jpg\",\"datePublished\":\"2015-10-27T02:09:52+00:00\",\"dateModified\":\"2019-11-25T10:21:31+00:00\",\"breadcrumb\":{\"@id\":\"https:\\\/\\\/raphael.vaucourte.rparejo.eu\\\/index.php\\\/en-bref\\\/#breadcrumb\"},\"inLanguage\":\"fr-FR\",\"potentialAction\":[{\"@type\":\"ReadAction\",\"target\":[\"https:\\\/\\\/raphael.vaucourte.rparejo.eu\\\/index.php\\\/en-bref\\\/\"]}]},{\"@type\":\"ImageObject\",\"inLanguage\":\"fr-FR\",\"@id\":\"https:\\\/\\\/raphael.vaucourte.rparejo.eu\\\/index.php\\\/en-bref\\\/#primaryimage\",\"url\":\"https:\\\/\\\/raphael.vaucourte.rparejo.eu\\\/wp-content\\\/uploads\\\/elementor\\\/thumbs\\\/Raph_MG_1120_detail-portrait_960x960_web-2-e1571358831619-ofdl7qn36sx8csnzx3yf72hionnz4v9d6momxn5n9c.jpg\",\"contentUrl\":\"https:\\\/\\\/raphael.vaucourte.rparejo.eu\\\/wp-content\\\/uploads\\\/elementor\\\/thumbs\\\/Raph_MG_1120_detail-portrait_960x960_web-2-e1571358831619-ofdl7qn36sx8csnzx3yf72hionnz4v9d6momxn5n9c.jpg\"},{\"@type\":\"BreadcrumbList\",\"@id\":\"https:\\\/\\\/raphael.vaucourte.rparejo.eu\\\/index.php\\\/en-bref\\\/#breadcrumb\",\"itemListElement\":[{\"@type\":\"ListItem\",\"position\":1,\"name\":\"Accueil\",\"item\":\"https:\\\/\\\/raphael.vaucourte.rparejo.eu\\\/\"},{\"@type\":\"ListItem\",\"position\":2,\"name\":\"Biographie\"}]},{\"@type\":\"WebSite\",\"@id\":\"https:\\\/\\\/raphael.vaucourte.rparejo.eu\\\/#website\",\"url\":\"https:\\\/\\\/raphael.vaucourte.rparejo.eu\\\/\",\"name\":\"Rapha\u00ebl Vaucourte (site officiel)\",\"description\":\"Chanson fran\u00e7aise\",\"potentialAction\":[{\"@type\":\"SearchAction\",\"target\":{\"@type\":\"EntryPoint\",\"urlTemplate\":\"https:\\\/\\\/raphael.vaucourte.rparejo.eu\\\/?s={search_term_string}\"},\"query-input\":{\"@type\":\"PropertyValueSpecification\",\"valueRequired\":true,\"valueName\":\"search_term_string\"}}],\"inLanguage\":\"fr-FR\"}]}<\/script>\n<!-- \/ Yoast SEO plugin. -->","yoast_head_json":{"title":"Biographie - Rapha\u00ebl Vaucourte (site officiel)","robots":{"index":"index","follow":"follow","max-snippet":"max-snippet:-1","max-image-preview":"max-image-preview:large","max-video-preview":"max-video-preview:-1"},"canonical":"https:\/\/raphael.vaucourte.rparejo.eu\/index.php\/en-bref\/","og_locale":"fr_FR","og_type":"article","og_title":"Biographie - Rapha\u00ebl Vaucourte (site officiel)","og_description":"Rapha\u00ebl Vaucourte est le nom de sc\u00e8ne qu&rsquo;a choisi Rapha\u00ebl Parejo pour les r\u00e9citals de chansons fran\u00e7aises qu&rsquo;il pr\u00e9sente depuis l&rsquo;automne 2019. Ethnomusicologue et musicien fran\u00e7ais \u00e0 la trajectoire d\u00e9j\u00e0 tr\u00e8s longue, il a commenc\u00e9 \u00e0 jouer de la guitare \u00e0 l&rsquo;\u00e2ge de douze ans et \u00e0 chanter r\u00e9guli\u00e8rement en public \u00e0 seize. En 1972 il opte pour devenir musicien &hellip;","og_url":"https:\/\/raphael.vaucourte.rparejo.eu\/index.php\/en-bref\/","og_site_name":"Rapha\u00ebl Vaucourte (site officiel)","article_modified_time":"2019-11-25T10:21:31+00:00","og_image":[{"url":"https:\/\/raphael.vaucourte.rparejo.eu\/wp-content\/uploads\/elementor\/thumbs\/Raph_MG_1120_detail-portrait_960x960_web-2-e1571358831619-ofdl7qn36sx8csnzx3yf72hionnz4v9d6momxn5n9c.jpg","type":"","width":"","height":""}],"twitter_card":"summary_large_image","twitter_misc":{"Dur\u00e9e de lecture estim\u00e9e":"3 minutes"},"schema":{"@context":"https:\/\/schema.org","@graph":[{"@type":"WebPage","@id":"https:\/\/raphael.vaucourte.rparejo.eu\/index.php\/en-bref\/","url":"https:\/\/raphael.vaucourte.rparejo.eu\/index.php\/en-bref\/","name":"Biographie - Rapha\u00ebl Vaucourte (site officiel)","isPartOf":{"@id":"https:\/\/raphael.vaucourte.rparejo.eu\/#website"},"primaryImageOfPage":{"@id":"https:\/\/raphael.vaucourte.rparejo.eu\/index.php\/en-bref\/#primaryimage"},"image":{"@id":"https:\/\/raphael.vaucourte.rparejo.eu\/index.php\/en-bref\/#primaryimage"},"thumbnailUrl":"https:\/\/raphael.vaucourte.rparejo.eu\/wp-content\/uploads\/elementor\/thumbs\/Raph_MG_1120_detail-portrait_960x960_web-2-e1571358831619-ofdl7qn36sx8csnzx3yf72hionnz4v9d6momxn5n9c.jpg","datePublished":"2015-10-27T02:09:52+00:00","dateModified":"2019-11-25T10:21:31+00:00","breadcrumb":{"@id":"https:\/\/raphael.vaucourte.rparejo.eu\/index.php\/en-bref\/#breadcrumb"},"inLanguage":"fr-FR","potentialAction":[{"@type":"ReadAction","target":["https:\/\/raphael.vaucourte.rparejo.eu\/index.php\/en-bref\/"]}]},{"@type":"ImageObject","inLanguage":"fr-FR","@id":"https:\/\/raphael.vaucourte.rparejo.eu\/index.php\/en-bref\/#primaryimage","url":"https:\/\/raphael.vaucourte.rparejo.eu\/wp-content\/uploads\/elementor\/thumbs\/Raph_MG_1120_detail-portrait_960x960_web-2-e1571358831619-ofdl7qn36sx8csnzx3yf72hionnz4v9d6momxn5n9c.jpg","contentUrl":"https:\/\/raphael.vaucourte.rparejo.eu\/wp-content\/uploads\/elementor\/thumbs\/Raph_MG_1120_detail-portrait_960x960_web-2-e1571358831619-ofdl7qn36sx8csnzx3yf72hionnz4v9d6momxn5n9c.jpg"},{"@type":"BreadcrumbList","@id":"https:\/\/raphael.vaucourte.rparejo.eu\/index.php\/en-bref\/#breadcrumb","itemListElement":[{"@type":"ListItem","position":1,"name":"Accueil","item":"https:\/\/raphael.vaucourte.rparejo.eu\/"},{"@type":"ListItem","position":2,"name":"Biographie"}]},{"@type":"WebSite","@id":"https:\/\/raphael.vaucourte.rparejo.eu\/#website","url":"https:\/\/raphael.vaucourte.rparejo.eu\/","name":"Rapha\u00ebl Vaucourte (site officiel)","description":"Chanson fran\u00e7aise","potentialAction":[{"@type":"SearchAction","target":{"@type":"EntryPoint","urlTemplate":"https:\/\/raphael.vaucourte.rparejo.eu\/?s={search_term_string}"},"query-input":{"@type":"PropertyValueSpecification","valueRequired":true,"valueName":"search_term_string"}}],"inLanguage":"fr-FR"}]}},"_links":{"self":[{"href":"https:\/\/raphael.vaucourte.rparejo.eu\/index.php\/wp-json\/wp\/v2\/pages\/158","targetHints":{"allow":["GET"]}}],"collection":[{"href":"https:\/\/raphael.vaucourte.rparejo.eu\/index.php\/wp-json\/wp\/v2\/pages"}],"about":[{"href":"https:\/\/raphael.vaucourte.rparejo.eu\/index.php\/wp-json\/wp\/v2\/types\/page"}],"author":[{"embeddable":true,"href":"https:\/\/raphael.vaucourte.rparejo.eu\/index.php\/wp-json\/wp\/v2\/users\/1"}],"replies":[{"embeddable":true,"href":"https:\/\/raphael.vaucourte.rparejo.eu\/index.php\/wp-json\/wp\/v2\/comments?post=158"}],"version-history":[{"count":0,"href":"https:\/\/raphael.vaucourte.rparejo.eu\/index.php\/wp-json\/wp\/v2\/pages\/158\/revisions"}],"wp:attachment":[{"href":"https:\/\/raphael.vaucourte.rparejo.eu\/index.php\/wp-json\/wp\/v2\/media?parent=158"}],"curies":[{"name":"wp","href":"https:\/\/api.w.org\/{rel}","templated":true}]}}