{"id":1449,"date":"2018-08-25T13:33:55","date_gmt":"2018-08-25T11:33:55","guid":{"rendered":"https:\/\/raphael.vaucourte.rparejo.eu\/?page_id=1449"},"modified":"2019-10-15T22:23:26","modified_gmt":"2019-10-15T20:23:26","slug":"presentation-pour-la-presse","status":"publish","type":"page","link":"https:\/\/raphael.vaucourte.rparejo.eu\/index.php\/presentation-pour-la-presse\/","title":{"rendered":"Biographie et autres informations pour la presse"},"content":{"rendered":"\t\t<div data-elementor-type=\"wp-page\" data-elementor-id=\"1449\" class=\"elementor elementor-1449\">\n\t\t\t\t\t\t<section class=\"elementor-section elementor-top-section elementor-element elementor-element-285b4f6 elementor-section-boxed elementor-section-height-default elementor-section-height-default\" data-id=\"285b4f6\" data-element_type=\"section\" data-e-type=\"section\">\n\t\t\t\t\t\t<div class=\"elementor-container elementor-column-gap-default\">\n\t\t\t\t\t<div class=\"elementor-column elementor-col-50 elementor-top-column elementor-element elementor-element-db3f6c0\" data-id=\"db3f6c0\" data-element_type=\"column\" data-e-type=\"column\">\n\t\t\t<div class=\"elementor-widget-wrap elementor-element-populated\">\n\t\t\t\t\t\t<div class=\"elementor-element elementor-element-75961e2 elementor-widget elementor-widget-text-editor\" data-id=\"75961e2\" data-element_type=\"widget\" data-e-type=\"widget\" data-widget_type=\"text-editor.default\">\n\t\t\t\t<div class=\"elementor-widget-container\">\n\t\t\t\t\t\t\t\t\t<p style=\"text-align: justify;\">Vous trouverez ici le document souvent appel\u00e9 \u00e0 tort \u00ab\u00a0Dossier de presse\u00a0\u00bb, qui n&rsquo;est en r\u00e9alit\u00e9 que le texte biographique et d&rsquo;information qui accompagne le dossier de presse complet (encore appel\u00e9 Press book, Press kit ou EPK en Anglais) qui contient aussi d&rsquo;autres \u00e9l\u00e9ments (voir plus bas).<\/p><p><strong><span style=\"text-decoration-line: underline; text-indent: 0em; color: #ffffff;\">Contenu du kit de presse complet :<\/span><\/strong><\/p><ul style=\"list-style-type: disc;\"><li class=\"p1\" style=\"text-align: justify;\"><b>Une <span style=\"color: #ffffff;\">biographie<\/span> suivie d&rsquo;autres \u00e9l\u00e9ments importants pour la presse.<\/b>\u00a0T\u00e9l\u00e9charger le texte (en bas de page).<\/li><li class=\"p1\" style=\"text-align: justify;\"><b>Les visuels des deux programmes de r\u00e9citals de chansons fran\u00e7aises que je pr\u00e9sente\u00a0<\/b>(\u00ab\u00a0Chansons d&rsquo;en France et de la Francophonie\u00a0\u00bb et \u00ab\u00a0Chansons pour la route\u00a0\u00bb)\u00a0: les <a href=\"https:\/\/raphael.vaucourte.rparejo.eu\/index.php\/presse-et-professionnels\/prospectus-flyers\/\" target=\"_blank\" rel=\"noopener noreferrer\">prospectus A4<\/a> (flyers) et les <a href=\"https:\/\/raphael.vaucourte.rparejo.eu\/index.php\/affiches\/\" target=\"_blank\" rel=\"noopener noreferrer\">affiches<\/a> des trois programmes au format PDF.<\/li><li class=\"p1\" style=\"text-align: justify;\"><b>Trois\u00a0 photos de presse, chacune en deux versions (en couleurs, et en noir-et-blanc).<\/b> Vous les trouverez <b><a href=\"https:\/\/raphael.vaucourte.rparejo.eu\/index.php\/presse-et-professionnels\/photos-presse\/\" target=\"_blank\" rel=\"noopener noreferrer\">ici<\/a>.<\/b><\/li><li class=\"p1\" style=\"text-align: justify;\"><strong>Mon logo<\/strong> (un bleuet stylis\u00e9), utilis\u00e9 pour le premier des deux r\u00e9citals (\u00ab\u00a0Chansons d&rsquo;en France et de la Francophonie\u00a0\u00bb). T\u00e9l\u00e9chargez le logo sur <strong><a href=\"https:\/\/raphael.vaucourte.rparejo.eu\/index.php\/logo\/\" target=\"_blank\" rel=\"noopener noreferrer\">cette page<\/a><\/strong><span style=\"color: #999999;\">.<\/span><\/li><\/ul>\t\t\t\t\t\t\t\t<\/div>\n\t\t\t\t<\/div>\n\t\t\t\t\t<\/div>\n\t\t<\/div>\n\t\t\t\t<div class=\"elementor-column elementor-col-50 elementor-top-column elementor-element elementor-element-b8e76e9\" data-id=\"b8e76e9\" data-element_type=\"column\" data-e-type=\"column\">\n\t\t\t<div class=\"elementor-widget-wrap elementor-element-populated\">\n\t\t\t\t\t\t<div class=\"elementor-element elementor-element-6b010b4 elementor-widget elementor-widget-text-editor\" data-id=\"6b010b4\" data-element_type=\"widget\" data-e-type=\"widget\" data-widget_type=\"text-editor.default\">\n\t\t\t\t<div class=\"elementor-widget-container\">\n\t\t\t\t\t\t\t\t\t<p style=\"text-align: center;\"><strong>Pour solliciter un entretien, c&rsquo;est <a href=\"https:\/\/raphael.vaucourte.rparejo.eu\/index.php\/solliciter-un-entretien\/\" target=\"_blank\" rel=\"noopener noreferrer\">ICI<\/a><\/strong>.<\/p><p><img fetchpriority=\"high\" decoding=\"async\" class=\"wp-image-1428 aligncenter\" src=\"https:\/\/raphael.vaucourte.rparejo.eu\/wp-content\/uploads\/2018\/08\/Raph-guitare-classique-telephone-345x460.jpg\" alt=\"\" width=\"272\" height=\"363\" srcset=\"https:\/\/raphael.vaucourte.rparejo.eu\/wp-content\/uploads\/2018\/08\/Raph-guitare-classique-telephone-345x460.jpg 345w, https:\/\/raphael.vaucourte.rparejo.eu\/wp-content\/uploads\/2018\/08\/Raph-guitare-classique-telephone-768x1024.jpg 768w, https:\/\/raphael.vaucourte.rparejo.eu\/wp-content\/uploads\/2018\/08\/Raph-guitare-classique-telephone-488x650.jpg 488w, https:\/\/raphael.vaucourte.rparejo.eu\/wp-content\/uploads\/2018\/08\/Raph-guitare-classique-telephone.jpg 900w\" sizes=\"(max-width: 272px) 100vw, 272px\" \/><\/p>\t\t\t\t\t\t\t\t<\/div>\n\t\t\t\t<\/div>\n\t\t\t\t\t<\/div>\n\t\t<\/div>\n\t\t\t\t\t<\/div>\n\t\t<\/section>\n\t\t\t\t<section class=\"elementor-section elementor-top-section elementor-element elementor-element-3a71db56 elementor-section-boxed elementor-section-height-default elementor-section-height-default\" data-id=\"3a71db56\" data-element_type=\"section\" data-e-type=\"section\">\n\t\t\t\t\t\t<div class=\"elementor-container elementor-column-gap-default\">\n\t\t\t\t\t<div class=\"elementor-column elementor-col-100 elementor-top-column elementor-element elementor-element-56a5f884\" data-id=\"56a5f884\" data-element_type=\"column\" data-e-type=\"column\">\n\t\t\t<div class=\"elementor-widget-wrap elementor-element-populated\">\n\t\t\t\t\t\t<div class=\"elementor-element elementor-element-3594b9c1 elementor-widget elementor-widget-text-editor\" data-id=\"3594b9c1\" data-element_type=\"widget\" data-e-type=\"widget\" data-widget_type=\"text-editor.default\">\n\t\t\t\t<div class=\"elementor-widget-container\">\n\t\t\t\t\t\t\t\t\t<p><span style=\"color: #ffffff;\"><strong><span style=\"text-decoration: underline;\"><span><span>T\u00e9l\u00e9chargez le texte de<\/span> <span>pr\u00e9sentation au format PDF\u00a0:<\/span><\/span><\/span><\/strong><\/span><\/p><p>Fran\u00e7ais : [disponible sous peu]<\/p><p>Espa\u00f1ol: [disponible en breve]<\/p><p>English: [Not yet available]<\/p>\t\t\t\t\t\t\t\t<\/div>\n\t\t\t\t<\/div>\n\t\t\t\t\t<\/div>\n\t\t<\/div>\n\t\t\t\t\t<\/div>\n\t\t<\/section>\n\t\t\t\t<\/div>\n\t\t","protected":false},"excerpt":{"rendered":"<p>Vous trouverez ici le document souvent appel\u00e9 \u00e0 tort \u00ab\u00a0Dossier de presse\u00a0\u00bb, qui n&rsquo;est en r\u00e9alit\u00e9 que le texte biographique et d&rsquo;information qui accompagne le dossier de presse complet (encore appel\u00e9 Press book, Press kit ou EPK en Anglais) qui contient aussi d&rsquo;autres \u00e9l\u00e9ments (voir plus bas). Contenu du kit de presse complet : Une biographie suivie d&rsquo;autres \u00e9l\u00e9ments importants &hellip;<\/p>\n","protected":false},"author":1,"featured_media":1505,"parent":0,"menu_order":1,"comment_status":"closed","ping_status":"closed","template":"elementor_header_footer","meta":{"footnotes":""},"class_list":["post-1449","page","type-page","status-publish","has-post-thumbnail","hentry"],"yoast_head":"<!-- This site is optimized with the Yoast SEO plugin v27.5 - https:\/\/yoast.com\/product\/yoast-seo-wordpress\/ -->\n<title>Biographie et autres informations pour la presse - Rapha\u00ebl Vaucourte (site officiel)<\/title>\n<meta name=\"robots\" content=\"index, follow, max-snippet:-1, max-image-preview:large, max-video-preview:-1\" \/>\n<link rel=\"canonical\" href=\"https:\/\/raphael.vaucourte.rparejo.eu\/index.php\/presentation-pour-la-presse\/\" \/>\n<meta property=\"og:locale\" content=\"fr_FR\" \/>\n<meta property=\"og:type\" content=\"article\" \/>\n<meta property=\"og:title\" content=\"Biographie et autres informations pour la presse - Rapha\u00ebl Vaucourte (site officiel)\" \/>\n<meta property=\"og:description\" content=\"Vous trouverez ici le document souvent appel\u00e9 \u00e0 tort \u00ab\u00a0Dossier de presse\u00a0\u00bb, qui n&rsquo;est en r\u00e9alit\u00e9 que le texte biographique et d&rsquo;information qui accompagne le dossier de presse complet (encore appel\u00e9 Press book, Press kit ou EPK en Anglais) qui contient aussi d&rsquo;autres \u00e9l\u00e9ments (voir plus bas). Contenu du kit de presse complet : Une biographie suivie d&rsquo;autres \u00e9l\u00e9ments importants &hellip;\" \/>\n<meta property=\"og:url\" content=\"https:\/\/raphael.vaucourte.rparejo.eu\/index.php\/presentation-pour-la-presse\/\" \/>\n<meta property=\"og:site_name\" content=\"Rapha\u00ebl Vaucourte (site officiel)\" \/>\n<meta property=\"article:modified_time\" content=\"2019-10-15T20:23:26+00:00\" \/>\n<meta property=\"og:image\" content=\"https:\/\/raphael.vaucourte.rparejo.eu\/wp-content\/uploads\/2018\/08\/Vaucourte_Presse_image-en-avant.jpg\" \/>\n\t<meta property=\"og:image:width\" content=\"1920\" \/>\n\t<meta property=\"og:image:height\" content=\"400\" \/>\n\t<meta property=\"og:image:type\" content=\"image\/jpeg\" \/>\n<meta name=\"twitter:card\" content=\"summary_large_image\" \/>\n<meta name=\"twitter:label1\" content=\"Dur\u00e9e de lecture estim\u00e9e\" \/>\n\t<meta name=\"twitter:data1\" content=\"1 minute\" \/>\n<script type=\"application\/ld+json\" class=\"yoast-schema-graph\">{\"@context\":\"https:\\\/\\\/schema.org\",\"@graph\":[{\"@type\":\"WebPage\",\"@id\":\"https:\\\/\\\/raphael.vaucourte.rparejo.eu\\\/index.php\\\/presentation-pour-la-presse\\\/\",\"url\":\"https:\\\/\\\/raphael.vaucourte.rparejo.eu\\\/index.php\\\/presentation-pour-la-presse\\\/\",\"name\":\"Biographie et autres informations pour la presse - Rapha\u00ebl Vaucourte (site officiel)\",\"isPartOf\":{\"@id\":\"https:\\\/\\\/raphael.vaucourte.rparejo.eu\\\/#website\"},\"primaryImageOfPage\":{\"@id\":\"https:\\\/\\\/raphael.vaucourte.rparejo.eu\\\/index.php\\\/presentation-pour-la-presse\\\/#primaryimage\"},\"image\":{\"@id\":\"https:\\\/\\\/raphael.vaucourte.rparejo.eu\\\/index.php\\\/presentation-pour-la-presse\\\/#primaryimage\"},\"thumbnailUrl\":\"https:\\\/\\\/raphael.vaucourte.rparejo.eu\\\/wp-content\\\/uploads\\\/2018\\\/08\\\/Vaucourte_Presse_image-en-avant.jpg\",\"datePublished\":\"2018-08-25T11:33:55+00:00\",\"dateModified\":\"2019-10-15T20:23:26+00:00\",\"breadcrumb\":{\"@id\":\"https:\\\/\\\/raphael.vaucourte.rparejo.eu\\\/index.php\\\/presentation-pour-la-presse\\\/#breadcrumb\"},\"inLanguage\":\"fr-FR\",\"potentialAction\":[{\"@type\":\"ReadAction\",\"target\":[\"https:\\\/\\\/raphael.vaucourte.rparejo.eu\\\/index.php\\\/presentation-pour-la-presse\\\/\"]}]},{\"@type\":\"ImageObject\",\"inLanguage\":\"fr-FR\",\"@id\":\"https:\\\/\\\/raphael.vaucourte.rparejo.eu\\\/index.php\\\/presentation-pour-la-presse\\\/#primaryimage\",\"url\":\"https:\\\/\\\/raphael.vaucourte.rparejo.eu\\\/wp-content\\\/uploads\\\/2018\\\/08\\\/Vaucourte_Presse_image-en-avant.jpg\",\"contentUrl\":\"https:\\\/\\\/raphael.vaucourte.rparejo.eu\\\/wp-content\\\/uploads\\\/2018\\\/08\\\/Vaucourte_Presse_image-en-avant.jpg\",\"width\":1920,\"height\":400},{\"@type\":\"BreadcrumbList\",\"@id\":\"https:\\\/\\\/raphael.vaucourte.rparejo.eu\\\/index.php\\\/presentation-pour-la-presse\\\/#breadcrumb\",\"itemListElement\":[{\"@type\":\"ListItem\",\"position\":1,\"name\":\"Accueil\",\"item\":\"https:\\\/\\\/raphael.vaucourte.rparejo.eu\\\/\"},{\"@type\":\"ListItem\",\"position\":2,\"name\":\"Biographie et autres informations pour la presse\"}]},{\"@type\":\"WebSite\",\"@id\":\"https:\\\/\\\/raphael.vaucourte.rparejo.eu\\\/#website\",\"url\":\"https:\\\/\\\/raphael.vaucourte.rparejo.eu\\\/\",\"name\":\"Rapha\u00ebl Vaucourte (site officiel)\",\"description\":\"Chanson fran\u00e7aise\",\"potentialAction\":[{\"@type\":\"SearchAction\",\"target\":{\"@type\":\"EntryPoint\",\"urlTemplate\":\"https:\\\/\\\/raphael.vaucourte.rparejo.eu\\\/?s={search_term_string}\"},\"query-input\":{\"@type\":\"PropertyValueSpecification\",\"valueRequired\":true,\"valueName\":\"search_term_string\"}}],\"inLanguage\":\"fr-FR\"}]}<\/script>\n<!-- \/ Yoast SEO plugin. -->","yoast_head_json":{"title":"Biographie et autres informations pour la presse - Rapha\u00ebl Vaucourte (site officiel)","robots":{"index":"index","follow":"follow","max-snippet":"max-snippet:-1","max-image-preview":"max-image-preview:large","max-video-preview":"max-video-preview:-1"},"canonical":"https:\/\/raphael.vaucourte.rparejo.eu\/index.php\/presentation-pour-la-presse\/","og_locale":"fr_FR","og_type":"article","og_title":"Biographie et autres informations pour la presse - Rapha\u00ebl Vaucourte (site officiel)","og_description":"Vous trouverez ici le document souvent appel\u00e9 \u00e0 tort \u00ab\u00a0Dossier de presse\u00a0\u00bb, qui n&rsquo;est en r\u00e9alit\u00e9 que le texte biographique et d&rsquo;information qui accompagne le dossier de presse complet (encore appel\u00e9 Press book, Press kit ou EPK en Anglais) qui contient aussi d&rsquo;autres \u00e9l\u00e9ments (voir plus bas). Contenu du kit de presse complet : Une biographie suivie d&rsquo;autres \u00e9l\u00e9ments importants &hellip;","og_url":"https:\/\/raphael.vaucourte.rparejo.eu\/index.php\/presentation-pour-la-presse\/","og_site_name":"Rapha\u00ebl Vaucourte (site officiel)","article_modified_time":"2019-10-15T20:23:26+00:00","og_image":[{"width":1920,"height":400,"url":"https:\/\/raphael.vaucourte.rparejo.eu\/wp-content\/uploads\/2018\/08\/Vaucourte_Presse_image-en-avant.jpg","type":"image\/jpeg"}],"twitter_card":"summary_large_image","twitter_misc":{"Dur\u00e9e de lecture estim\u00e9e":"1 minute"},"schema":{"@context":"https:\/\/schema.org","@graph":[{"@type":"WebPage","@id":"https:\/\/raphael.vaucourte.rparejo.eu\/index.php\/presentation-pour-la-presse\/","url":"https:\/\/raphael.vaucourte.rparejo.eu\/index.php\/presentation-pour-la-presse\/","name":"Biographie et autres informations pour la presse - Rapha\u00ebl Vaucourte (site officiel)","isPartOf":{"@id":"https:\/\/raphael.vaucourte.rparejo.eu\/#website"},"primaryImageOfPage":{"@id":"https:\/\/raphael.vaucourte.rparejo.eu\/index.php\/presentation-pour-la-presse\/#primaryimage"},"image":{"@id":"https:\/\/raphael.vaucourte.rparejo.eu\/index.php\/presentation-pour-la-presse\/#primaryimage"},"thumbnailUrl":"https:\/\/raphael.vaucourte.rparejo.eu\/wp-content\/uploads\/2018\/08\/Vaucourte_Presse_image-en-avant.jpg","datePublished":"2018-08-25T11:33:55+00:00","dateModified":"2019-10-15T20:23:26+00:00","breadcrumb":{"@id":"https:\/\/raphael.vaucourte.rparejo.eu\/index.php\/presentation-pour-la-presse\/#breadcrumb"},"inLanguage":"fr-FR","potentialAction":[{"@type":"ReadAction","target":["https:\/\/raphael.vaucourte.rparejo.eu\/index.php\/presentation-pour-la-presse\/"]}]},{"@type":"ImageObject","inLanguage":"fr-FR","@id":"https:\/\/raphael.vaucourte.rparejo.eu\/index.php\/presentation-pour-la-presse\/#primaryimage","url":"https:\/\/raphael.vaucourte.rparejo.eu\/wp-content\/uploads\/2018\/08\/Vaucourte_Presse_image-en-avant.jpg","contentUrl":"https:\/\/raphael.vaucourte.rparejo.eu\/wp-content\/uploads\/2018\/08\/Vaucourte_Presse_image-en-avant.jpg","width":1920,"height":400},{"@type":"BreadcrumbList","@id":"https:\/\/raphael.vaucourte.rparejo.eu\/index.php\/presentation-pour-la-presse\/#breadcrumb","itemListElement":[{"@type":"ListItem","position":1,"name":"Accueil","item":"https:\/\/raphael.vaucourte.rparejo.eu\/"},{"@type":"ListItem","position":2,"name":"Biographie et autres informations pour la presse"}]},{"@type":"WebSite","@id":"https:\/\/raphael.vaucourte.rparejo.eu\/#website","url":"https:\/\/raphael.vaucourte.rparejo.eu\/","name":"Rapha\u00ebl Vaucourte (site officiel)","description":"Chanson fran\u00e7aise","potentialAction":[{"@type":"SearchAction","target":{"@type":"EntryPoint","urlTemplate":"https:\/\/raphael.vaucourte.rparejo.eu\/?s={search_term_string}"},"query-input":{"@type":"PropertyValueSpecification","valueRequired":true,"valueName":"search_term_string"}}],"inLanguage":"fr-FR"}]}},"_links":{"self":[{"href":"https:\/\/raphael.vaucourte.rparejo.eu\/index.php\/wp-json\/wp\/v2\/pages\/1449","targetHints":{"allow":["GET"]}}],"collection":[{"href":"https:\/\/raphael.vaucourte.rparejo.eu\/index.php\/wp-json\/wp\/v2\/pages"}],"about":[{"href":"https:\/\/raphael.vaucourte.rparejo.eu\/index.php\/wp-json\/wp\/v2\/types\/page"}],"author":[{"embeddable":true,"href":"https:\/\/raphael.vaucourte.rparejo.eu\/index.php\/wp-json\/wp\/v2\/users\/1"}],"replies":[{"embeddable":true,"href":"https:\/\/raphael.vaucourte.rparejo.eu\/index.php\/wp-json\/wp\/v2\/comments?post=1449"}],"version-history":[{"count":0,"href":"https:\/\/raphael.vaucourte.rparejo.eu\/index.php\/wp-json\/wp\/v2\/pages\/1449\/revisions"}],"wp:featuredmedia":[{"embeddable":true,"href":"https:\/\/raphael.vaucourte.rparejo.eu\/index.php\/wp-json\/wp\/v2\/media\/1505"}],"wp:attachment":[{"href":"https:\/\/raphael.vaucourte.rparejo.eu\/index.php\/wp-json\/wp\/v2\/media?parent=1449"}],"curies":[{"name":"wp","href":"https:\/\/api.w.org\/{rel}","templated":true}]}}